{"id":14,"date":"2025-09-04T11:42:56","date_gmt":"2025-09-04T09:42:56","guid":{"rendered":"https:\/\/elementa-uitikon.ch\/?page_id=14"},"modified":"2026-02-13T11:26:31","modified_gmt":"2026-02-13T10:26:31","slug":"lage","status":"publish","type":"page","link":"https:\/\/www.elementa-uitikon.ch\/terra\/lage\/","title":{"rendered":"Lage"},"content":{"rendered":"\t\t<div data-elementor-type=\"wp-page\" data-elementor-id=\"14\" class=\"elementor elementor-14\" data-elementor-post-type=\"page\">\n\t\t\t\t<div class=\"elementor-element elementor-element-31f364e e-flex e-con-boxed e-con e-parent\" data-id=\"31f364e\" data-element_type=\"container\" data-e-type=\"container\">\n\t\t\t\t\t<div class=\"e-con-inner\">\n\t\t<div class=\"elementor-element elementor-element-ba8d375 e-con-full e-flex e-con e-child\" data-id=\"ba8d375\" data-element_type=\"container\" data-e-type=\"container\">\n\t\t\t\t<div class=\"elementor-element elementor-element-4762499 bigimg elementor-widget elementor-widget-image\" data-id=\"4762499\" data-element_type=\"widget\" data-e-type=\"widget\" data-widget_type=\"image.default\">\n\t\t\t\t\t\t\t\t\t\t\t\t\t\t\t<img fetchpriority=\"high\" decoding=\"async\" width=\"2401\" height=\"2174\" src=\"https:\/\/www.elementa-uitikon.ch\/terra\/wp-content\/uploads\/2025\/10\/TERRA_Landmark_01_web.jpg\" class=\"attachment-full size-full wp-image-1497\" alt=\"\" srcset=\"https:\/\/www.elementa-uitikon.ch\/terra\/wp-content\/uploads\/2025\/10\/TERRA_Landmark_01_web.jpg 2401w, https:\/\/www.elementa-uitikon.ch\/terra\/wp-content\/uploads\/2025\/10\/TERRA_Landmark_01_web-300x272.jpg 300w, https:\/\/www.elementa-uitikon.ch\/terra\/wp-content\/uploads\/2025\/10\/TERRA_Landmark_01_web-1024x927.jpg 1024w, https:\/\/www.elementa-uitikon.ch\/terra\/wp-content\/uploads\/2025\/10\/TERRA_Landmark_01_web-768x695.jpg 768w, https:\/\/www.elementa-uitikon.ch\/terra\/wp-content\/uploads\/2025\/10\/TERRA_Landmark_01_web-1536x1391.jpg 1536w, https:\/\/www.elementa-uitikon.ch\/terra\/wp-content\/uploads\/2025\/10\/TERRA_Landmark_01_web-2048x1854.jpg 2048w\" sizes=\"(max-width: 2401px) 100vw, 2401px\" \/>\t\t\t\t\t\t\t\t\t\t\t\t\t\t\t<\/div>\n\t\t\t\t<\/div>\n\t\t<div class=\"elementor-element elementor-element-66deab3 e-con-full e-flex e-con e-child\" data-id=\"66deab3\" data-element_type=\"container\" data-e-type=\"container\">\n\t\t<div class=\"elementor-element elementor-element-c02709c e-con-full e-flex e-con e-child\" data-id=\"c02709c\" data-element_type=\"container\" data-e-type=\"container\">\n\t\t\t\t<div class=\"elementor-element elementor-element-8bf52e5 elementor-invisible elementor-widget elementor-widget-heading\" data-id=\"8bf52e5\" data-element_type=\"widget\" data-e-type=\"widget\" data-settings=\"{&quot;_animation&quot;:&quot;slideInRight&quot;,&quot;_animation_tablet&quot;:&quot;slideInLeft&quot;,&quot;_animation_delay&quot;:0}\" data-widget_type=\"heading.default\">\n\t\t\t\t\t<h1 class=\"elementor-heading-title elementor-size-default\">wohneigentum am \nfusse des uetlibergs<\/h1>\t\t\t\t<\/div>\n\t\t\t\t<div class=\"elementor-element elementor-element-f9d0976 elementor-invisible elementor-widget elementor-widget-heading\" data-id=\"f9d0976\" data-element_type=\"widget\" data-e-type=\"widget\" data-settings=\"{&quot;_animation&quot;:&quot;slideInRight&quot;,&quot;_animation_tablet&quot;:&quot;slideInLeft&quot;,&quot;_animation_delay&quot;:300}\" data-widget_type=\"heading.default\">\n\t\t\t\t\t<h5 class=\"elementor-heading-title elementor-size-default\">uitikon<\/h5>\t\t\t\t<\/div>\n\t\t\t\t<\/div>\n\t\t<div class=\"elementor-element elementor-element-32931c8 e-con-full e-flex elementor-invisible e-con e-child\" data-id=\"32931c8\" data-element_type=\"container\" data-e-type=\"container\" data-settings=\"{&quot;animation&quot;:&quot;fadeIn&quot;,&quot;animation_delay&quot;:800}\">\n\t\t\t\t<div class=\"elementor-element elementor-element-f2bf967 elementor-widget elementor-widget-text-editor\" data-id=\"f2bf967\" data-element_type=\"widget\" data-e-type=\"widget\" data-widget_type=\"text-editor.default\">\n\t\t\t\t\t\t\t\t\t<p>Uitikon liegt sonnig am Westhang des Uetlibergs \u2013 mit Weitsicht \u00fcber das Limmattal und der Stadt ganz nah.<\/p><p>Diese Kombination macht die Gemeinde so begehrt: viel Licht, weite Ausblicke und ein ruhiges, gepflegtes Umfeld, in dem sich ein gehobener Alltag selbstverst\u00e4ndlich anf\u00fchlt.<\/p>\t\t\t\t\t\t\t\t<\/div>\n\t\t\t\t<\/div>\n\t\t\t\t<\/div>\n\t\t\t\t\t<\/div>\n\t\t\t\t<\/div>\n\t\t<div class=\"elementor-element elementor-element-73912d2 e-flex e-con-boxed e-con e-parent\" data-id=\"73912d2\" data-element_type=\"container\" data-e-type=\"container\" data-settings=\"{&quot;background_background&quot;:&quot;classic&quot;,&quot;shape_divider_bottom&quot;:&quot;tilt&quot;}\">\n\t\t\t\t\t<div class=\"e-con-inner\">\n\t\t\t\t<div class=\"elementor-shape elementor-shape-bottom\" aria-hidden=\"true\" data-negative=\"false\">\n\t\t\t<svg xmlns=\"http:\/\/www.w3.org\/2000\/svg\" viewBox=\"0 0 1000 100\" preserveAspectRatio=\"none\">\n\t<path class=\"elementor-shape-fill\" d=\"M0,6V0h1000v100L0,6z\"\/>\n<\/svg>\t\t<\/div>\n\t\t<div class=\"elementor-element elementor-element-1e00f28 e-con-full e-flex e-con e-child\" data-id=\"1e00f28\" data-element_type=\"container\" data-e-type=\"container\">\n\t\t<div class=\"elementor-element elementor-element-c1bcd15 e-con-full e-flex e-con e-child\" data-id=\"c1bcd15\" data-element_type=\"container\" data-e-type=\"container\">\n\t\t\t\t<div class=\"elementor-element elementor-element-8f09f17 elementor-hidden-mobile elementor-widget elementor-widget-spacer\" data-id=\"8f09f17\" data-element_type=\"widget\" data-e-type=\"widget\" data-widget_type=\"spacer.default\">\n\t\t\t\t\t\t\t<div class=\"elementor-spacer\">\n\t\t\t<div class=\"elementor-spacer-inner\"><\/div>\n\t\t<\/div>\n\t\t\t\t\t\t<\/div>\n\t\t\t\t<\/div>\n\t\t<div class=\"elementor-element elementor-element-870f439 e-con-full e-flex elementor-invisible e-con e-child\" data-id=\"870f439\" data-element_type=\"container\" data-e-type=\"container\" data-settings=\"{&quot;animation&quot;:&quot;fadeIn&quot;,&quot;animation_delay&quot;:800}\">\n\t\t<div class=\"elementor-element elementor-element-f2059c9 e-con-full e-flex e-con e-child\" data-id=\"f2059c9\" data-element_type=\"container\" data-e-type=\"container\">\n\t\t\t\t<div class=\"elementor-element elementor-element-c06591b elementor-widget elementor-widget-text-editor\" data-id=\"c06591b\" data-element_type=\"widget\" data-e-type=\"widget\" data-widget_type=\"text-editor.default\">\n\t\t\t\t\t\t\t\t\t<p>Im Dorf finden Sie L\u00e4den und Angebote f\u00fcr den t\u00e4glichen Bedarf \u2013 kurze Wege und alles, was man f\u00fcr einen komfortablen Alltag braucht.<\/p><p>Der attraktive Steuerfuss von 78 % unterstreicht die Qualit\u00e4t des Standorts und die Wertigkeit der Wohnlage. F\u00fcr die grosse Auswahl locken Sihlcity in Z\u00fcrich S\u00fcd und der Letzipark in Altstetten mit Shopping, Kino und Gastronomie \u2013 beide in wenigen Fahrminuten erreichbar.<\/p>\t\t\t\t\t\t\t\t<\/div>\n\t\t\t\t<div class=\"elementor-element elementor-element-2e8676d button_costum elementor-align-justify elementor-widget elementor-widget-button\" data-id=\"2e8676d\" data-element_type=\"widget\" data-e-type=\"widget\" data-widget_type=\"button.default\">\n\t\t\t\t\t\t\t\t\t\t<a class=\"elementor-button elementor-button-link elementor-size-sm\" href=\"https:\/\/maps.app.goo.gl\/Wr7ADKixtaAWB9D29\" target=\"_blank\">\n\t\t\t\t\t\t<span class=\"elementor-button-content-wrapper\">\n\t\t\t\t\t\t\t\t\t<span class=\"elementor-button-text\">google maps<\/span>\n\t\t\t\t\t<\/span>\n\t\t\t\t\t<\/a>\n\t\t\t\t\t\t\t\t<\/div>\n\t\t\t\t<\/div>\n\t\t\t\t<div class=\"elementor-element elementor-element-1fd83e9 elementor-widget__width-initial elementor-widget-mobile__width-initial img elementor-widget elementor-widget-image\" data-id=\"1fd83e9\" data-element_type=\"widget\" data-e-type=\"widget\" data-widget_type=\"image.default\">\n\t\t\t\t\t\t\t\t\t\t\t\t\t\t\t<img decoding=\"async\" width=\"900\" height=\"1200\" src=\"https:\/\/www.elementa-uitikon.ch\/terra\/wp-content\/uploads\/2025\/09\/Elementa_Uitikon_Lage_Tennisclub.jpg\" class=\"attachment-full size-full wp-image-379\" alt=\"\" srcset=\"https:\/\/www.elementa-uitikon.ch\/terra\/wp-content\/uploads\/2025\/09\/Elementa_Uitikon_Lage_Tennisclub.jpg 900w, https:\/\/www.elementa-uitikon.ch\/terra\/wp-content\/uploads\/2025\/09\/Elementa_Uitikon_Lage_Tennisclub-225x300.jpg 225w, https:\/\/www.elementa-uitikon.ch\/terra\/wp-content\/uploads\/2025\/09\/Elementa_Uitikon_Lage_Tennisclub-768x1024.jpg 768w\" sizes=\"(max-width: 900px) 100vw, 900px\" \/>\t\t\t\t\t\t\t\t\t\t\t\t\t\t\t<\/div>\n\t\t\t\t<\/div>\n\t\t\t\t<\/div>\n\t\t<div class=\"elementor-element elementor-element-91a1ecf e-con-full e-flex e-con e-child\" data-id=\"91a1ecf\" data-element_type=\"container\" data-e-type=\"container\">\n\t\t\t\t<div class=\"elementor-element elementor-element-295fe52 img minibigimg elementor-widget elementor-widget-image\" data-id=\"295fe52\" data-element_type=\"widget\" data-e-type=\"widget\" data-widget_type=\"image.default\">\n\t\t\t\t\t\t\t\t\t\t\t\t\t\t\t<img decoding=\"async\" width=\"2135\" height=\"2560\" src=\"https:\/\/www.elementa-uitikon.ch\/terra\/wp-content\/uploads\/2025\/10\/Uetliberg_Uitikon_Elementa_web.jpg\" class=\"attachment-full size-full wp-image-722\" alt=\"\" srcset=\"https:\/\/www.elementa-uitikon.ch\/terra\/wp-content\/uploads\/2025\/10\/Uetliberg_Uitikon_Elementa_web.jpg 2135w, https:\/\/www.elementa-uitikon.ch\/terra\/wp-content\/uploads\/2025\/10\/Uetliberg_Uitikon_Elementa_web-250x300.jpg 250w, https:\/\/www.elementa-uitikon.ch\/terra\/wp-content\/uploads\/2025\/10\/Uetliberg_Uitikon_Elementa_web-854x1024.jpg 854w, https:\/\/www.elementa-uitikon.ch\/terra\/wp-content\/uploads\/2025\/10\/Uetliberg_Uitikon_Elementa_web-768x921.jpg 768w, https:\/\/www.elementa-uitikon.ch\/terra\/wp-content\/uploads\/2025\/10\/Uetliberg_Uitikon_Elementa_web-1281x1536.jpg 1281w, https:\/\/www.elementa-uitikon.ch\/terra\/wp-content\/uploads\/2025\/10\/Uetliberg_Uitikon_Elementa_web-1708x2048.jpg 1708w\" sizes=\"(max-width: 2135px) 100vw, 2135px\" \/>\t\t\t\t\t\t\t\t\t\t\t\t\t\t\t<\/div>\n\t\t\t\t<\/div>\n\t\t\t\t\t<\/div>\n\t\t\t\t<\/div>\n\t\t<div class=\"elementor-element elementor-element-cb02a28 e-flex e-con-boxed e-con e-parent\" data-id=\"cb02a28\" data-element_type=\"container\" data-e-type=\"container\">\n\t\t\t\t\t<div class=\"e-con-inner\">\n\t\t<div class=\"elementor-element elementor-element-4677f5f e-con-full width600 e-flex e-con e-child\" data-id=\"4677f5f\" data-element_type=\"container\" data-e-type=\"container\">\n\t\t<div class=\"elementor-element elementor-element-d324bab e-con-full e-flex e-con e-child\" data-id=\"d324bab\" data-element_type=\"container\" data-e-type=\"container\">\n\t\t\t\t<div class=\"elementor-element elementor-element-480255b elementor-invisible elementor-widget elementor-widget-heading\" data-id=\"480255b\" data-element_type=\"widget\" data-e-type=\"widget\" data-settings=\"{&quot;_animation&quot;:&quot;slideInRight&quot;,&quot;_animation_tablet&quot;:&quot;slideInLeft&quot;,&quot;_animation_delay&quot;:0}\" data-widget_type=\"heading.default\">\n\t\t\t\t\t<h2 class=\"elementor-heading-title elementor-size-default\">bestens angebunden<\/h2>\t\t\t\t<\/div>\n\t\t\t\t<div class=\"elementor-element elementor-element-eb9232e elementor-invisible elementor-widget elementor-widget-heading\" data-id=\"eb9232e\" data-element_type=\"widget\" data-e-type=\"widget\" data-settings=\"{&quot;_animation&quot;:&quot;slideInRight&quot;,&quot;_animation_tablet&quot;:&quot;slideInLeft&quot;,&quot;_animation_delay&quot;:300}\" data-widget_type=\"heading.default\">\n\t\t\t\t\t<h5 class=\"elementor-heading-title elementor-size-default\">stallikerstrasse 53A \/ 53B, 8142 Uitikon<\/h5>\t\t\t\t<\/div>\n\t\t\t\t<\/div>\n\t\t<div class=\"elementor-element elementor-element-ff045ab e-con-full e-flex elementor-invisible e-con e-child\" data-id=\"ff045ab\" data-element_type=\"container\" data-e-type=\"container\" data-settings=\"{&quot;animation&quot;:&quot;fadeIn&quot;,&quot;animation_delay&quot;:800}\">\n\t\t\t\t<div class=\"elementor-element elementor-element-0471de2 elementor-widget elementor-widget-text-editor\" data-id=\"0471de2\" data-element_type=\"widget\" data-e-type=\"widget\" data-widget_type=\"text-editor.default\">\n\t\t\t\t\t\t\t\t\t<p>\u00abTERRA\u00bb liegt ruhig und privilegiert in einem gepflegten Wohnquartier von Uitikon \u2013 diskret eingebettet, mit repr\u00e4sentativer Adresse und viel Privatsph\u00e4re.<\/p><p>Mit Blick \u00fcber die malerische Landschaft bis zum Uetliberg, geniessen die optimal ausgerichteten Eigentumswohnungen hervorragende Besonnung von fr\u00fchmorgens bis sp\u00e4t in den Abend hinein. Die Bushaltestelle \u00abRinglikon, Langwies\u00bb befindet sich in unmittelbarer N\u00e4he und gew\u00e4hrleistet eine schnelle Verbindung zum Bahnhof Uitikon Waldegg.<\/p><p>Uitikon bietet eine umfassende und hochwertige Bildungsinfrastruktur, die Familien ein ideales Umfeld f\u00fcr ihre Kinder schafft. Von Kindertagesst\u00e4tten \u00fcber Kinderg\u00e4rten bis hin zur Primar- und Sekundarschule sind alle Stufen direkt in der Gemeinde vorhanden und bequem erreichbar. F\u00fcr ein internationales Schulumfeld bieten Einrichtungen im Raum Z\u00fcrich \u2013 beispielsweise die Zurich International School in Adliswil \u2013 zus\u00e4tzliche Wahlm\u00f6glichkeiten.<\/p>\t\t\t\t\t\t\t\t<\/div>\n\t\t\t\t<\/div>\n\t\t\t\t<\/div>\n\t\t<div class=\"elementor-element elementor-element-384351b e-con-full slider e-flex e-con e-child\" data-id=\"384351b\" data-element_type=\"container\" data-e-type=\"container\">\n\t\t\t\t<div class=\"elementor-element elementor-element-0440a26 elementor-widget elementor-widget-alpha-google-map\" data-id=\"0440a26\" data-element_type=\"widget\" data-e-type=\"widget\" data-widget_type=\"alpha-google-map.default\">\n\t\t\t\t<div class=\"elementor-widget-container\">\n\t\t\t\t\t\t\t<div class=\"alpha-map-container\" id=\"alpha-map-container-0440a26\">\n\t\t\t<div class=\"alpha-google-map-title\">\n\t\t\t\t\t\t\t<\/div>\n\t\t\t\t\t\t\t<div class=\"alpha_map_height\" data-settings=\"{&quot;zoom&quot;:14,&quot;maptype&quot;:&quot;roadmap&quot;,&quot;streetViewControl&quot;:false,&quot;gestureHandling&quot;:&quot;auto&quot;,&quot;locationlat&quot;:&quot;47.36328309023519&quot;,&quot;locationlong&quot;:&quot;8.475&quot;,&quot;scrollwheel&quot;:false,&quot;fullScreen&quot;:false,&quot;zoomControl&quot;:true,&quot;typeControl&quot;:false,&quot;automaticOpen&quot;:false,&quot;hoverOpen&quot;:true,&quot;hoverClose&quot;:true,&quot;drag&quot;:false,&quot;mapId&quot;:&quot;&quot;}\">\n\t\t\t\t\t\t\t\t\t\t\t<div class=\"alpha-pin\" data-lng=\"8.465671417594976\" data-lat=\"47.3603222233449\" data-icon=\"https:\/\/www.elementa-uitikon.ch\/terra\/wp-content\/uploads\/2025\/10\/TERRA_Flag-1.png\" data-icon-active=\"https:\/\/www.elementa-uitikon.ch\/terra\/wp-content\/uploads\/2025\/10\/TERRA_Flag-1.png\" data-icon-size=\"0\" data-max-width=\"340\" data-id=\"0\">\n\t\t\t\t\t\t\t\t\t\t\t\t\t\t\t<div class='alpha-map-info-container'>\n\t\t\t\t\t\t\t\t\t<p class='alpha-map-info-title'>TERRA Uitikon<\/p>\n\t\t\t\t\t\t\t\t\t<div class='alpha-map-info-desc'><\/div>\n\t\t\t\t\t\t\t\t\t<div class='alpha-map-info-time-desc'><\/div>\n\t\t\t\t\t\t\t\t\t\t\t\t\t\t\t\t\t<\/div>\n\t\t\t\t\t\t\t\t\t\t\t\t\t<\/div>\n\t\t\t\t\t\t\t\t\t\t\t\t<div class=\"alpha-pin\" data-lng=\"8.452758307119769\" data-lat=\"47.37308389212877\" data-icon=\"https:\/\/www.elementa-uitikon.ch\/terra\/wp-content\/uploads\/2025\/10\/Kindergarten.png\" data-icon-active=\"https:\/\/www.elementa-uitikon.ch\/terra\/wp-content\/uploads\/2025\/10\/Kindergarten.png\" data-icon-size=\"0\" data-max-width=\"340\" data-id=\"1\">\n\t\t\t\t\t\t\t\t\t\t\t\t\t\t\t<div class='alpha-map-info-container'>\n\t\t\t\t\t\t\t\t\t<p class='alpha-map-info-title'>Kindergarten, Uitikon Waldegg<\/p>\n\t\t\t\t\t\t\t\t\t<div class='alpha-map-info-desc'><\/div>\n\t\t\t\t\t\t\t\t\t<div class='alpha-map-info-time-desc'><\/div>\n\t\t\t\t\t\t\t\t\t\t\t\t\t\t\t\t\t<\/div>\n\t\t\t\t\t\t\t\t\t\t\t\t\t<\/div>\n\t\t\t\t\t\t\t\t\t\t\t\t<div class=\"alpha-pin\" data-lng=\"8.461905549340399\" data-lat=\"47.37340157702052\" data-icon=\"https:\/\/www.elementa-uitikon.ch\/terra\/wp-content\/uploads\/2025\/10\/Freizeit.png\" data-icon-active=\"https:\/\/www.elementa-uitikon.ch\/terra\/wp-content\/uploads\/2025\/10\/Freizeit.png\" data-icon-size=\"0\" data-max-width=\"340\" data-id=\"2\">\n\t\t\t\t\t\t\t\t\t\t\t\t\t\t\t<div class='alpha-map-info-container'>\n\t\t\t\t\t\t\t\t\t<p class='alpha-map-info-title'>Vita Parcours<\/p>\n\t\t\t\t\t\t\t\t\t<div class='alpha-map-info-desc'><\/div>\n\t\t\t\t\t\t\t\t\t<div class='alpha-map-info-time-desc'><\/div>\n\t\t\t\t\t\t\t\t\t\t\t\t\t\t\t\t\t<\/div>\n\t\t\t\t\t\t\t\t\t\t\t\t\t<\/div>\n\t\t\t\t\t\t\t\t\t\t\t\t<div class=\"alpha-pin\" data-lng=\"8.45174443282387\" data-lat=\"47.3732982447162\" data-icon=\"https:\/\/www.elementa-uitikon.ch\/terra\/wp-content\/uploads\/2025\/10\/Schule.png\" data-icon-active=\"https:\/\/www.elementa-uitikon.ch\/terra\/wp-content\/uploads\/2025\/10\/Schule.png\" data-icon-size=\"0\" data-max-width=\"340\" data-id=\"3\">\n\t\t\t\t\t\t\t\t\t\t\t\t\t\t\t<div class='alpha-map-info-container'>\n\t\t\t\t\t\t\t\t\t<p class='alpha-map-info-title'>Schulhaus, Rietwis B<\/p>\n\t\t\t\t\t\t\t\t\t<div class='alpha-map-info-desc'><\/div>\n\t\t\t\t\t\t\t\t\t<div class='alpha-map-info-time-desc'><\/div>\n\t\t\t\t\t\t\t\t\t\t\t\t\t\t\t\t\t<\/div>\n\t\t\t\t\t\t\t\t\t\t\t\t\t<\/div>\n\t\t\t\t\t\t\t\t\t\t\t\t<div class=\"alpha-pin\" data-lng=\"8.462193916873161\" data-lat=\"47.37009233987391\" data-icon=\"https:\/\/www.elementa-uitikon.ch\/terra\/wp-content\/uploads\/2025\/10\/Schule.png\" data-icon-active=\"https:\/\/www.elementa-uitikon.ch\/terra\/wp-content\/uploads\/2025\/10\/Schule.png\" data-icon-size=\"0\" data-max-width=\"340\" data-id=\"4\">\n\t\t\t\t\t\t\t\t\t\t\t\t\t\t\t<div class='alpha-map-info-container'>\n\t\t\t\t\t\t\t\t\t<p class='alpha-map-info-title'>Schulhaus, Schwerzgrueb<\/p>\n\t\t\t\t\t\t\t\t\t<div class='alpha-map-info-desc'><\/div>\n\t\t\t\t\t\t\t\t\t<div class='alpha-map-info-time-desc'><\/div>\n\t\t\t\t\t\t\t\t\t\t\t\t\t\t\t\t\t<\/div>\n\t\t\t\t\t\t\t\t\t\t\t\t\t<\/div>\n\t\t\t\t\t\t\t\t\t\t\t\t<div class=\"alpha-pin\" data-lng=\"8.460981331877461\" data-lat=\"47.3719639346143\" data-icon=\"https:\/\/www.elementa-uitikon.ch\/terra\/wp-content\/uploads\/2025\/10\/Schule.png\" data-icon-active=\"https:\/\/www.elementa-uitikon.ch\/terra\/wp-content\/uploads\/2025\/10\/Schule.png\" data-icon-size=\"0\" data-max-width=\"340\" data-id=\"5\">\n\t\t\t\t\t\t\t\t\t\t\t\t\t\t\t<div class='alpha-map-info-container'>\n\t\t\t\t\t\t\t\t\t<p class='alpha-map-info-title'>Sporthalle, Allmend<\/p>\n\t\t\t\t\t\t\t\t\t<div class='alpha-map-info-desc'><\/div>\n\t\t\t\t\t\t\t\t\t<div class='alpha-map-info-time-desc'><\/div>\n\t\t\t\t\t\t\t\t\t\t\t\t\t\t\t\t\t<\/div>\n\t\t\t\t\t\t\t\t\t\t\t\t\t<\/div>\n\t\t\t\t\t\t\t\t\t\t\t\t<div class=\"alpha-pin\" data-lng=\"8.456895118582711\" data-lat=\"47.363025349153766\" data-icon=\"https:\/\/www.elementa-uitikon.ch\/terra\/wp-content\/uploads\/2025\/10\/Tennis.png\" data-icon-active=\"https:\/\/www.elementa-uitikon.ch\/terra\/wp-content\/uploads\/2025\/10\/Tennis.png\" data-icon-size=\"0\" data-max-width=\"340\" data-id=\"6\">\n\t\t\t\t\t\t\t\t\t\t\t\t\t\t\t<div class='alpha-map-info-container'>\n\t\t\t\t\t\t\t\t\t<p class='alpha-map-info-title'>TC Uitikon<\/p>\n\t\t\t\t\t\t\t\t\t<div class='alpha-map-info-desc'><\/div>\n\t\t\t\t\t\t\t\t\t<div class='alpha-map-info-time-desc'><\/div>\n\t\t\t\t\t\t\t\t\t\t\t\t\t\t\t\t\t<\/div>\n\t\t\t\t\t\t\t\t\t\t\t\t\t<\/div>\n\t\t\t\t\t\t\t\t\t\t\t\t<div class=\"alpha-pin\" data-lng=\"8.460522022535292\" data-lat=\"47.37272003832472\" data-icon=\"https:\/\/www.elementa-uitikon.ch\/terra\/wp-content\/uploads\/2025\/10\/Freizeit.png\" data-icon-active=\"https:\/\/www.elementa-uitikon.ch\/terra\/wp-content\/uploads\/2025\/10\/Freizeit.png\" data-icon-size=\"0\" data-max-width=\"340\" data-id=\"7\">\n\t\t\t\t\t\t\t\t\t\t\t\t\t\t\t<div class='alpha-map-info-container'>\n\t\t\t\t\t\t\t\t\t<p class='alpha-map-info-title'>Hallendbad, Uitikon Waldegg<\/p>\n\t\t\t\t\t\t\t\t\t<div class='alpha-map-info-desc'><\/div>\n\t\t\t\t\t\t\t\t\t<div class='alpha-map-info-time-desc'><\/div>\n\t\t\t\t\t\t\t\t\t\t\t\t\t\t\t\t\t<\/div>\n\t\t\t\t\t\t\t\t\t\t\t\t\t<\/div>\n\t\t\t\t\t\t\t\t\t\t\t\t<div class=\"alpha-pin\" data-lng=\"8.463111387355594\" data-lat=\"47.3684815487481\" data-icon=\"https:\/\/www.elementa-uitikon.ch\/terra\/wp-content\/uploads\/2025\/10\/Lebensmittel.png\" data-icon-active=\"https:\/\/www.elementa-uitikon.ch\/terra\/wp-content\/uploads\/2025\/10\/Lebensmittel.png\" data-icon-size=\"0\" data-max-width=\"340\" data-id=\"8\">\n\t\t\t\t\t\t\t\t\t\t\t\t\t\t\t<div class='alpha-map-info-container'>\n\t\t\t\t\t\t\t\t\t<p class='alpha-map-info-title'>MIGROS, Uitikon Waldegg<\/p>\n\t\t\t\t\t\t\t\t\t<div class='alpha-map-info-desc'><\/div>\n\t\t\t\t\t\t\t\t\t<div class='alpha-map-info-time-desc'><\/div>\n\t\t\t\t\t\t\t\t\t\t\t\t\t\t\t\t\t<\/div>\n\t\t\t\t\t\t\t\t\t\t\t\t\t<\/div>\n\t\t\t\t\t\t\t\t\t\t\t\t<div class=\"alpha-pin\" data-lng=\"8.46193063084521\" data-lat=\"47.367811261512614\" data-icon=\"https:\/\/www.elementa-uitikon.ch\/terra\/wp-content\/uploads\/2025\/10\/Lebensmittel.png\" data-icon-active=\"https:\/\/www.elementa-uitikon.ch\/terra\/wp-content\/uploads\/2025\/10\/Lebensmittel.png\" data-icon-size=\"0\" data-max-width=\"340\" data-id=\"9\">\n\t\t\t\t\t\t\t\t\t\t\t\t\t\t\t<div class='alpha-map-info-container'>\n\t\t\t\t\t\t\t\t\t<p class='alpha-map-info-title'>coop, Uitikon Waldegg<\/p>\n\t\t\t\t\t\t\t\t\t<div class='alpha-map-info-desc'><\/div>\n\t\t\t\t\t\t\t\t\t<div class='alpha-map-info-time-desc'><\/div>\n\t\t\t\t\t\t\t\t\t\t\t\t\t\t\t\t\t<\/div>\n\t\t\t\t\t\t\t\t\t\t\t\t\t<\/div>\n\t\t\t\t\t\t\t\t\t\t\t\t<div class=\"alpha-pin\" data-lng=\"8.465685489901015\" data-lat=\"47.36591791739237\" data-icon=\"https:\/\/www.elementa-uitikon.ch\/terra\/wp-content\/uploads\/2025\/10\/OeV_Bus.png\" data-icon-active=\"https:\/\/www.elementa-uitikon.ch\/terra\/wp-content\/uploads\/2025\/10\/OeV_Bus.png\" data-icon-size=\"0\" data-max-width=\"340\" data-id=\"10\">\n\t\t\t\t\t\t\t\t\t\t\t\t\t\t\t<div class='alpha-map-info-container'>\n\t\t\t\t\t\t\t\t\t<p class='alpha-map-info-title'>Bahnhof, Uitikon Waldegg<\/p>\n\t\t\t\t\t\t\t\t\t<div class='alpha-map-info-desc'><\/div>\n\t\t\t\t\t\t\t\t\t<div class='alpha-map-info-time-desc'><\/div>\n\t\t\t\t\t\t\t\t\t\t\t\t\t\t\t\t\t<\/div>\n\t\t\t\t\t\t\t\t\t\t\t\t\t<\/div>\n\t\t\t\t\t\t\t\t\t\t\t\t<div class=\"alpha-pin\" data-lng=\"8.465389423444584\" data-lat=\"47.361004988262714\" data-icon=\"https:\/\/www.elementa-uitikon.ch\/terra\/wp-content\/uploads\/2025\/10\/OeV_Bus.png\" data-icon-active=\"https:\/\/www.elementa-uitikon.ch\/terra\/wp-content\/uploads\/2025\/10\/OeV_Bus.png\" data-icon-size=\"0\" data-max-width=\"340\" data-id=\"11\">\n\t\t\t\t\t\t\t\t\t\t\t\t\t\t\t<div class='alpha-map-info-container'>\n\t\t\t\t\t\t\t\t\t<p class='alpha-map-info-title'>Bushaltestelle Ringlikon, G\u00e4ttern<\/p>\n\t\t\t\t\t\t\t\t\t<div class='alpha-map-info-desc'><\/div>\n\t\t\t\t\t\t\t\t\t<div class='alpha-map-info-time-desc'><\/div>\n\t\t\t\t\t\t\t\t\t\t\t\t\t\t\t\t\t<\/div>\n\t\t\t\t\t\t\t\t\t\t\t\t\t<\/div>\n\t\t\t\t\t\t\t\t\t\t\t\t<div class=\"alpha-pin\" data-lng=\"8.465360870061675\" data-lat=\"47.359471560337234\" data-icon=\"https:\/\/www.elementa-uitikon.ch\/terra\/wp-content\/uploads\/2025\/10\/OeV_Bus.png\" data-icon-active=\"https:\/\/www.elementa-uitikon.ch\/terra\/wp-content\/uploads\/2025\/10\/OeV_Bus.png\" data-icon-size=\"0\" data-max-width=\"340\" data-id=\"12\">\n\t\t\t\t\t\t\t\t\t\t\t\t\t\t\t<div class='alpha-map-info-container'>\n\t\t\t\t\t\t\t\t\t<p class='alpha-map-info-title'>Bushaltestelle Ringlikon, Langwies<\/p>\n\t\t\t\t\t\t\t\t\t<div class='alpha-map-info-desc'><\/div>\n\t\t\t\t\t\t\t\t\t<div class='alpha-map-info-time-desc'><\/div>\n\t\t\t\t\t\t\t\t\t\t\t\t\t\t\t\t\t<\/div>\n\t\t\t\t\t\t\t\t\t\t\t\t\t<\/div>\n\t\t\t\t\t\t\t\t\t\t\t\t<div class=\"alpha-pin\" data-lng=\"8.462317244588967\" data-lat=\"47.36312358411113\" data-icon=\"https:\/\/www.elementa-uitikon.ch\/terra\/wp-content\/uploads\/2025\/10\/Schule.png\" data-icon-active=\"https:\/\/www.elementa-uitikon.ch\/terra\/wp-content\/uploads\/2025\/10\/Schule.png\" data-icon-size=\"0\" data-max-width=\"340\" data-id=\"13\">\n\t\t\t\t\t\t\t\t\t\t\t\t\t\t\t<div class='alpha-map-info-container'>\n\t\t\t\t\t\t\t\t\t<p class='alpha-map-info-title'>Schulhaus, Mettlen<\/p>\n\t\t\t\t\t\t\t\t\t<div class='alpha-map-info-desc'><\/div>\n\t\t\t\t\t\t\t\t\t<div class='alpha-map-info-time-desc'><\/div>\n\t\t\t\t\t\t\t\t\t\t\t\t\t\t\t\t\t<\/div>\n\t\t\t\t\t\t\t\t\t\t\t\t\t<\/div>\n\t\t\t\t\t\t\t\t\t\t\t\t<div class=\"alpha-pin\" data-lng=\"8.462987996182502\" data-lat=\"47.36312358411113\" data-icon=\"https:\/\/www.elementa-uitikon.ch\/terra\/wp-content\/uploads\/2025\/10\/Kindergarten.png\" data-icon-active=\"https:\/\/www.elementa-uitikon.ch\/terra\/wp-content\/uploads\/2025\/10\/Kindergarten.png\" data-icon-size=\"0\" data-max-width=\"340\" data-id=\"14\">\n\t\t\t\t\t\t\t\t\t\t\t\t\t\t\t<div class='alpha-map-info-container'>\n\t\t\t\t\t\t\t\t\t<p class='alpha-map-info-title'>Kindergarten, Mettlen<\/p>\n\t\t\t\t\t\t\t\t\t<div class='alpha-map-info-desc'><\/div>\n\t\t\t\t\t\t\t\t\t<div class='alpha-map-info-time-desc'><\/div>\n\t\t\t\t\t\t\t\t\t\t\t\t\t\t\t\t\t<\/div>\n\t\t\t\t\t\t\t\t\t\t\t\t\t<\/div>\n\t\t\t\t\t\t\t\t\t\t\t\t<div class=\"alpha-pin\" data-lng=\"8.461763707255935\" data-lat=\"47.3666281664534\" data-icon=\"https:\/\/www.elementa-uitikon.ch\/terra\/wp-content\/uploads\/2025\/10\/Kita.png\" data-icon-active=\"https:\/\/www.elementa-uitikon.ch\/terra\/wp-content\/uploads\/2025\/10\/Kita.png\" data-icon-size=\"0\" data-max-width=\"340\" data-id=\"15\">\n\t\t\t\t\t\t\t\t\t\t\t\t\t\t\t<div class='alpha-map-info-container'>\n\t\t\t\t\t\t\t\t\t<p class='alpha-map-info-title'>Kinderkrippe \u00dcetlizwerge, Uitikon Waldegg<\/p>\n\t\t\t\t\t\t\t\t\t<div class='alpha-map-info-desc'><\/div>\n\t\t\t\t\t\t\t\t\t<div class='alpha-map-info-time-desc'><\/div>\n\t\t\t\t\t\t\t\t\t\t\t\t\t\t\t\t\t<\/div>\n\t\t\t\t\t\t\t\t\t\t\t\t\t<\/div>\n\t\t\t\t\t\t\t\t\t\t\t\t<div class=\"alpha-pin\" data-lng=\"8.4596333104231\" data-lat=\"47.36334202044411\" data-icon=\"https:\/\/www.elementa-uitikon.ch\/terra\/wp-content\/uploads\/2025\/10\/Kita.png\" data-icon-active=\"https:\/\/www.elementa-uitikon.ch\/terra\/wp-content\/uploads\/2025\/10\/Kita.png\" data-icon-size=\"0\" data-max-width=\"340\" data-id=\"16\">\n\t\t\t\t\t\t\t\t\t\t\t\t\t\t\t<div class='alpha-map-info-container'>\n\t\t\t\t\t\t\t\t\t<p class='alpha-map-info-title'>Kita Mary Poppinz, Uitikon Waldegg<\/p>\n\t\t\t\t\t\t\t\t\t<div class='alpha-map-info-desc'><\/div>\n\t\t\t\t\t\t\t\t\t<div class='alpha-map-info-time-desc'><\/div>\n\t\t\t\t\t\t\t\t\t\t\t\t\t\t\t\t\t<\/div>\n\t\t\t\t\t\t\t\t\t\t\t\t\t<\/div>\n\t\t\t\t\t\t\t\t\t\t\t\t<div class=\"alpha-pin\" data-lng=\"8.458716729971584\" data-lat=\"47.35993774297028\" data-icon=\"https:\/\/www.elementa-uitikon.ch\/terra\/wp-content\/uploads\/2025\/10\/Kindergarten.png\" data-icon-active=\"https:\/\/www.elementa-uitikon.ch\/terra\/wp-content\/uploads\/2025\/10\/Kindergarten.png\" data-icon-size=\"0\" data-max-width=\"340\" data-id=\"17\">\n\t\t\t\t\t\t\t\t\t\t\t\t\t\t\t<div class='alpha-map-info-container'>\n\t\t\t\t\t\t\t\t\t<p class='alpha-map-info-title'>Kindergarten Sternen, Uitikon Waldegg<\/p>\n\t\t\t\t\t\t\t\t\t<div class='alpha-map-info-desc'><\/div>\n\t\t\t\t\t\t\t\t\t<div class='alpha-map-info-time-desc'><\/div>\n\t\t\t\t\t\t\t\t\t\t\t\t\t\t\t\t\t<\/div>\n\t\t\t\t\t\t\t\t\t\t\t\t\t<\/div>\n\t\t\t\t\t\t\t\t\t\t\t\t<div class=\"alpha-pin\" data-lng=\"8.479093810565981\" data-lat=\"47.35545415584304\" data-icon=\"https:\/\/www.elementa-uitikon.ch\/terra\/wp-content\/uploads\/2025\/10\/Restaurant.png\" data-icon-active=\"https:\/\/www.elementa-uitikon.ch\/terra\/wp-content\/uploads\/2025\/10\/Restaurant.png\" data-icon-size=\"0\" data-max-width=\"340\" data-id=\"18\">\n\t\t\t\t\t\t\t\t\t\t\t\t\t\t\t<div class='alpha-map-info-container'>\n\t\t\t\t\t\t\t\t\t<p class='alpha-map-info-title'>Restaurant Jurablick<\/p>\n\t\t\t\t\t\t\t\t\t<div class='alpha-map-info-desc'><\/div>\n\t\t\t\t\t\t\t\t\t<div class='alpha-map-info-time-desc'><\/div>\n\t\t\t\t\t\t\t\t\t\t\t\t\t\t\t\t\t<\/div>\n\t\t\t\t\t\t\t\t\t\t\t\t\t<\/div>\n\t\t\t\t\t\t\t\t\t\t<\/div>\n\t\t\t\t\t\t<\/div>\n\t\t\t\t\t\t<\/div>\n\t\t\t\t<\/div>\n\t\t\t\t<\/div>\n\t\t\t\t\t<\/div>\n\t\t\t\t<\/div>\n\t\t<div class=\"elementor-element elementor-element-64bedad e-flex e-con-boxed e-con e-parent\" data-id=\"64bedad\" data-element_type=\"container\" data-e-type=\"container\" data-settings=\"{&quot;background_background&quot;:&quot;classic&quot;,&quot;shape_divider_top&quot;:&quot;mountains&quot;}\">\n\t\t\t\t\t<div class=\"e-con-inner\">\n\t\t\t\t<div class=\"elementor-shape elementor-shape-top\" aria-hidden=\"true\" data-negative=\"false\">\n\t\t\t<?xml version=\"1.0\" encoding=\"UTF-8\"?>\n<svg id=\"Ebene_1\" xmlns=\"http:\/\/www.w3.org\/2000\/svg\" version=\"1.1\" viewBox=\"0 0 1000 100\">\n  <!-- Generator: Adobe Illustrator 29.8.2, SVG Export Plug-In . SVG Version: 2.1.1 Build 3)  -->\n  <defs>\n    <style>\n      .st0 {\n        fill: #fff;\n      }\n    <\/style>\n  <\/defs>\n  <polygon class=\"st0\" points=\"-.9 .2 -.9 45.6 -.9 100 416 45.6 1000 45.6 1000 .2 -.9 .2\"\/>\n<\/svg>\t\t<\/div>\n\t\t<div class=\"elementor-element elementor-element-7310ae2 e-con-full e-flex e-con e-child\" data-id=\"7310ae2\" data-element_type=\"container\" data-e-type=\"container\">\n\t\t<div class=\"elementor-element elementor-element-05e8d95 e-con-full e-flex e-con e-child\" data-id=\"05e8d95\" data-element_type=\"container\" data-e-type=\"container\">\n\t\t\t\t<div class=\"elementor-element elementor-element-fb7004e elementor-invisible elementor-widget elementor-widget-heading\" data-id=\"fb7004e\" data-element_type=\"widget\" data-e-type=\"widget\" data-settings=\"{&quot;_animation&quot;:&quot;slideInRight&quot;,&quot;_animation_tablet&quot;:&quot;slideInLeft&quot;,&quot;_animation_delay&quot;:0}\" data-widget_type=\"heading.default\">\n\t\t\t\t\t<h1 class=\"elementor-heading-title elementor-size-default\">Schnell in Z\u00fcrich, schnell \u00fcberall<\/h1>\t\t\t\t<\/div>\n\t\t\t\t<div class=\"elementor-element elementor-element-8c87f2e elementor-invisible elementor-widget elementor-widget-heading\" data-id=\"8c87f2e\" data-element_type=\"widget\" data-e-type=\"widget\" data-settings=\"{&quot;_animation&quot;:&quot;slideInRight&quot;,&quot;_animation_tablet&quot;:&quot;slideInLeft&quot;,&quot;_animation_delay&quot;:300}\" data-widget_type=\"heading.default\">\n\t\t\t\t\t<h5 class=\"elementor-heading-title elementor-size-default\">in 20min in der city | in 26min am flughafen\n<\/h5>\t\t\t\t<\/div>\n\t\t\t\t<\/div>\n\t\t\t\t<div class=\"elementor-element elementor-element-b290f54 bigimg img__tablet elementor-widget elementor-widget-image\" data-id=\"b290f54\" data-element_type=\"widget\" data-e-type=\"widget\" data-widget_type=\"image.default\">\n\t\t\t\t\t\t\t\t\t\t\t\t\t\t\t<img loading=\"lazy\" decoding=\"async\" width=\"2509\" height=\"2560\" src=\"https:\/\/www.elementa-uitikon.ch\/terra\/wp-content\/uploads\/2025\/10\/Uetliberg_Wald_01_web-scaled.jpg\" class=\"attachment-full size-full wp-image-1481\" alt=\"\" srcset=\"https:\/\/www.elementa-uitikon.ch\/terra\/wp-content\/uploads\/2025\/10\/Uetliberg_Wald_01_web-scaled.jpg 2509w, https:\/\/www.elementa-uitikon.ch\/terra\/wp-content\/uploads\/2025\/10\/Uetliberg_Wald_01_web-294x300.jpg 294w, https:\/\/www.elementa-uitikon.ch\/terra\/wp-content\/uploads\/2025\/10\/Uetliberg_Wald_01_web-1003x1024.jpg 1003w, https:\/\/www.elementa-uitikon.ch\/terra\/wp-content\/uploads\/2025\/10\/Uetliberg_Wald_01_web-768x784.jpg 768w, https:\/\/www.elementa-uitikon.ch\/terra\/wp-content\/uploads\/2025\/10\/Uetliberg_Wald_01_web-1505x1536.jpg 1505w, https:\/\/www.elementa-uitikon.ch\/terra\/wp-content\/uploads\/2025\/10\/Uetliberg_Wald_01_web-2007x2048.jpg 2007w\" sizes=\"(max-width: 2509px) 100vw, 2509px\" \/>\t\t\t\t\t\t\t\t\t\t\t\t\t\t\t<\/div>\n\t\t\t\t<\/div>\n\t\t<div class=\"elementor-element elementor-element-5af03b3 e-con-full e-flex e-con e-child\" data-id=\"5af03b3\" data-element_type=\"container\" data-e-type=\"container\">\n\t\t<div class=\"elementor-element elementor-element-b7feafd e-con-full e-flex e-con e-child\" data-id=\"b7feafd\" data-element_type=\"container\" data-e-type=\"container\" data-settings=\"{&quot;motion_fx_motion_fx_scrolling&quot;:&quot;yes&quot;,&quot;motion_fx_translateX_effect&quot;:&quot;yes&quot;,&quot;motion_fx_translateX_speed&quot;:{&quot;unit&quot;:&quot;px&quot;,&quot;size&quot;:1,&quot;sizes&quot;:[]},&quot;motion_fx_devices&quot;:[&quot;desktop&quot;],&quot;motion_fx_translateX_affectedRange&quot;:{&quot;unit&quot;:&quot;%&quot;,&quot;size&quot;:&quot;&quot;,&quot;sizes&quot;:{&quot;start&quot;:0,&quot;end&quot;:100}}}\">\n\t\t\t\t<div class=\"elementor-element elementor-element-20f7e19 elementor-widget__width-inherit elementor-widget elementor-widget-image\" data-id=\"20f7e19\" data-element_type=\"widget\" data-e-type=\"widget\" data-widget_type=\"image.default\">\n\t\t\t\t\t\t\t\t\t\t\t\t\t\t\t<img loading=\"lazy\" decoding=\"async\" width=\"2560\" height=\"2560\" src=\"https:\/\/www.elementa-uitikon.ch\/terra\/wp-content\/uploads\/2025\/10\/Vita-Parcours_01_web-scaled.jpg\" class=\"attachment-full size-full wp-image-1468\" alt=\"\" srcset=\"https:\/\/www.elementa-uitikon.ch\/terra\/wp-content\/uploads\/2025\/10\/Vita-Parcours_01_web-scaled.jpg 2560w, https:\/\/www.elementa-uitikon.ch\/terra\/wp-content\/uploads\/2025\/10\/Vita-Parcours_01_web-300x300.jpg 300w, https:\/\/www.elementa-uitikon.ch\/terra\/wp-content\/uploads\/2025\/10\/Vita-Parcours_01_web-1024x1024.jpg 1024w, https:\/\/www.elementa-uitikon.ch\/terra\/wp-content\/uploads\/2025\/10\/Vita-Parcours_01_web-150x150.jpg 150w, https:\/\/www.elementa-uitikon.ch\/terra\/wp-content\/uploads\/2025\/10\/Vita-Parcours_01_web-768x768.jpg 768w, https:\/\/www.elementa-uitikon.ch\/terra\/wp-content\/uploads\/2025\/10\/Vita-Parcours_01_web-1536x1536.jpg 1536w, https:\/\/www.elementa-uitikon.ch\/terra\/wp-content\/uploads\/2025\/10\/Vita-Parcours_01_web-2048x2048.jpg 2048w\" sizes=\"(max-width: 2560px) 100vw, 2560px\" \/>\t\t\t\t\t\t\t\t\t\t\t\t\t\t\t<\/div>\n\t\t<div class=\"elementor-element elementor-element-b9c189c e-con-full e-flex e-con e-child\" data-id=\"b9c189c\" data-element_type=\"container\" data-e-type=\"container\">\n\t\t\t\t<div class=\"elementor-element elementor-element-cb3f101 elementor-invisible elementor-widget elementor-widget-heading\" data-id=\"cb3f101\" data-element_type=\"widget\" data-e-type=\"widget\" data-settings=\"{&quot;_animation&quot;:&quot;slideInRight&quot;,&quot;_animation_tablet&quot;:&quot;slideInLeft&quot;,&quot;_animation_delay&quot;:0}\" data-widget_type=\"heading.default\">\n\t\t\t\t\t<h1 class=\"elementor-heading-title elementor-size-default\">vitaparcours<\/h1>\t\t\t\t<\/div>\n\t\t\t\t<div class=\"elementor-element elementor-element-ea34593 elementor-invisible elementor-widget elementor-widget-heading\" data-id=\"ea34593\" data-element_type=\"widget\" data-e-type=\"widget\" data-settings=\"{&quot;_animation&quot;:&quot;slideInRight&quot;,&quot;_animation_tablet&quot;:&quot;slideInLeft&quot;,&quot;_animation_delay&quot;:300}\" data-widget_type=\"heading.default\">\n\t\t\t\t\t<h5 class=\"elementor-heading-title elementor-size-default\">5 Autominuten<\/h5>\t\t\t\t<\/div>\n\t\t\t\t<\/div>\n\t\t\t\t<\/div>\n\t\t<div class=\"elementor-element elementor-element-3a150d5 e-con-full e-flex e-con e-child\" data-id=\"3a150d5\" data-element_type=\"container\" data-e-type=\"container\" data-settings=\"{&quot;motion_fx_motion_fx_scrolling&quot;:&quot;yes&quot;,&quot;motion_fx_translateX_effect&quot;:&quot;yes&quot;,&quot;motion_fx_translateX_direction&quot;:&quot;negative&quot;,&quot;motion_fx_translateX_speed&quot;:{&quot;unit&quot;:&quot;px&quot;,&quot;size&quot;:1,&quot;sizes&quot;:[]},&quot;motion_fx_devices&quot;:[&quot;desktop&quot;],&quot;motion_fx_translateX_affectedRange&quot;:{&quot;unit&quot;:&quot;%&quot;,&quot;size&quot;:&quot;&quot;,&quot;sizes&quot;:{&quot;start&quot;:0,&quot;end&quot;:100}}}\">\n\t\t\t\t<div class=\"elementor-element elementor-element-d705bef elementor-widget__width-inherit elementor-widget elementor-widget-image\" data-id=\"d705bef\" data-element_type=\"widget\" data-e-type=\"widget\" data-widget_type=\"image.default\">\n\t\t\t\t\t\t\t\t\t\t\t\t\t\t\t<img loading=\"lazy\" decoding=\"async\" width=\"1536\" height=\"1536\" src=\"https:\/\/www.elementa-uitikon.ch\/terra\/wp-content\/uploads\/2025\/10\/ELEMENTA_KITA_Uitikon-Waldegg_web-1536x1536-1.jpg\" class=\"attachment-full size-full wp-image-1589\" alt=\"\" srcset=\"https:\/\/www.elementa-uitikon.ch\/terra\/wp-content\/uploads\/2025\/10\/ELEMENTA_KITA_Uitikon-Waldegg_web-1536x1536-1.jpg 1536w, https:\/\/www.elementa-uitikon.ch\/terra\/wp-content\/uploads\/2025\/10\/ELEMENTA_KITA_Uitikon-Waldegg_web-1536x1536-1-300x300.jpg 300w, https:\/\/www.elementa-uitikon.ch\/terra\/wp-content\/uploads\/2025\/10\/ELEMENTA_KITA_Uitikon-Waldegg_web-1536x1536-1-1024x1024.jpg 1024w, https:\/\/www.elementa-uitikon.ch\/terra\/wp-content\/uploads\/2025\/10\/ELEMENTA_KITA_Uitikon-Waldegg_web-1536x1536-1-150x150.jpg 150w, https:\/\/www.elementa-uitikon.ch\/terra\/wp-content\/uploads\/2025\/10\/ELEMENTA_KITA_Uitikon-Waldegg_web-1536x1536-1-768x768.jpg 768w\" sizes=\"(max-width: 1536px) 100vw, 1536px\" \/>\t\t\t\t\t\t\t\t\t\t\t\t\t\t\t<\/div>\n\t\t<div class=\"elementor-element elementor-element-f5831c3 e-con-full e-flex e-con e-child\" data-id=\"f5831c3\" data-element_type=\"container\" data-e-type=\"container\">\n\t\t\t\t<div class=\"elementor-element elementor-element-0b338a5 elementor-invisible elementor-widget elementor-widget-heading\" data-id=\"0b338a5\" data-element_type=\"widget\" data-e-type=\"widget\" data-settings=\"{&quot;_animation&quot;:&quot;slideInRight&quot;,&quot;_animation_tablet&quot;:&quot;slideInLeft&quot;,&quot;_animation_delay&quot;:0}\" data-widget_type=\"heading.default\">\n\t\t\t\t\t<h1 class=\"elementor-heading-title elementor-size-default\">kita \u00dcetlizwerge<\/h1>\t\t\t\t<\/div>\n\t\t\t\t<div class=\"elementor-element elementor-element-b9de368 elementor-invisible elementor-widget elementor-widget-heading\" data-id=\"b9de368\" data-element_type=\"widget\" data-e-type=\"widget\" data-settings=\"{&quot;_animation&quot;:&quot;slideInRight&quot;,&quot;_animation_tablet&quot;:&quot;slideInLeft&quot;,&quot;_animation_delay&quot;:300}\" data-widget_type=\"heading.default\">\n\t\t\t\t\t<h5 class=\"elementor-heading-title elementor-size-default\">2 Autominuten<\/h5>\t\t\t\t<\/div>\n\t\t\t\t<\/div>\n\t\t\t\t<\/div>\n\t\t\t\t<\/div>\n\t\t\t\t\t<\/div>\n\t\t\t\t<\/div>\n\t\t<div class=\"elementor-element elementor-element-d1dfe44 e-flex e-con-boxed e-con e-parent\" data-id=\"d1dfe44\" data-element_type=\"container\" data-e-type=\"container\" data-settings=\"{&quot;background_background&quot;:&quot;classic&quot;}\">\n\t\t\t\t\t<div class=\"e-con-inner\">\n\t\t<div class=\"elementor-element elementor-element-2a5f4cf e-con-full width600 e-flex e-con e-child\" data-id=\"2a5f4cf\" data-element_type=\"container\" data-e-type=\"container\">\n\t\t<div class=\"elementor-element elementor-element-ec233a8 e-con-full e-flex elementor-invisible e-con e-child\" data-id=\"ec233a8\" data-element_type=\"container\" data-e-type=\"container\" data-settings=\"{&quot;animation&quot;:&quot;fadeIn&quot;,&quot;animation_delay&quot;:800}\">\n\t\t\t\t<div class=\"elementor-element elementor-element-819409e elementor-widget elementor-widget-text-editor\" data-id=\"819409e\" data-element_type=\"widget\" data-e-type=\"widget\" data-widget_type=\"text-editor.default\">\n\t\t\t\t\t\t\t\t\t<p>Mehrere Buslinien verbinden \u00abUitikon, Dorf\u00bb mit Z\u00fcrich-Wiedikon und dem Bahnhof Uitikon Waldegg. Von dort bringt Sie die S10 in rund 14 Minuten direkt zum Z\u00fcrcher Hauptbahnhof. Mit dem Auto sind die A3-Auffahrt Uitikon sowie der Flughafen Z\u00fcrich rasch erreicht.<\/p><p>F\u00fcr Bewegung ist bestens gesorgt: Die Sportanlagen Uitikon bieten Hallenbad, Sauna, Fitness, Beachvolleyball sowie einen Pumptrack und runden das Freizeitangebot ab. Rund um den Uetliberg starten Lauf-, Spazier- und Bike-Routen f\u00fcr jede Intensit\u00e4t \u2013 von der entspannten Runde bis zur sportlichen Tour.<\/p>\t\t\t\t\t\t\t\t<\/div>\n\t\t\t\t<div class=\"elementor-element elementor-element-7f4b205 button_costum elementor-align-justify elementor-hidden-desktop elementor-hidden-tablet elementor-hidden-mobile elementor-widget elementor-widget-button\" data-id=\"7f4b205\" data-element_type=\"widget\" data-e-type=\"widget\" data-widget_type=\"button.default\">\n\t\t\t\t\t\t\t\t\t\t<a class=\"elementor-button elementor-button-link elementor-size-sm\" href=\"https:\/\/maps.app.goo.gl\/wMtT6LEPKQb4T9Ra7\" target=\"_blank\">\n\t\t\t\t\t\t<span class=\"elementor-button-content-wrapper\">\n\t\t\t\t\t\t\t\t\t<span class=\"elementor-button-text\">google maps<\/span>\n\t\t\t\t\t<\/span>\n\t\t\t\t\t<\/a>\n\t\t\t\t\t\t\t\t<\/div>\n\t\t\t\t<div class=\"elementor-element elementor-element-140f887 button_costum elementor-align-justify elementor-widget elementor-widget-button\" data-id=\"140f887\" data-element_type=\"widget\" data-e-type=\"widget\" data-widget_type=\"button.default\">\n\t\t\t\t\t\t\t\t\t\t<a class=\"elementor-button elementor-button-link elementor-size-sm\" href=\"https:\/\/www.sbb.ch\/de\/kaufen\/pages\/fahrplan\/fahrplan.xhtml?nach=Ringlikon,%20Langwies\" target=\"_blank\">\n\t\t\t\t\t\t<span class=\"elementor-button-content-wrapper\">\n\t\t\t\t\t\t\t\t\t<span class=\"elementor-button-text\">ZVV Fahrplan<\/span>\n\t\t\t\t\t<\/span>\n\t\t\t\t\t<\/a>\n\t\t\t\t\t\t\t\t<\/div>\n\t\t\t\t<\/div>\n\t\t\t\t<\/div>\n\t\t<div class=\"elementor-element elementor-element-4029725 e-con-full slider e-flex e-con e-child\" data-id=\"4029725\" data-element_type=\"container\" data-e-type=\"container\">\n\t\t\t\t<div class=\"elementor-element elementor-element-e0d7fc4 bigimg bigimg__right img__tablet elementor-widget elementor-widget-image\" data-id=\"e0d7fc4\" data-element_type=\"widget\" data-e-type=\"widget\" data-widget_type=\"image.default\">\n\t\t\t\t\t\t\t\t\t\t\t\t\t\t\t<img loading=\"lazy\" decoding=\"async\" width=\"2560\" height=\"1708\" src=\"https:\/\/www.elementa-uitikon.ch\/terra\/wp-content\/uploads\/2025\/10\/Uitikon_TERRA_Privat_web-scaled.jpg\" class=\"attachment-full size-full wp-image-1486\" alt=\"\" srcset=\"https:\/\/www.elementa-uitikon.ch\/terra\/wp-content\/uploads\/2025\/10\/Uitikon_TERRA_Privat_web-scaled.jpg 2560w, https:\/\/www.elementa-uitikon.ch\/terra\/wp-content\/uploads\/2025\/10\/Uitikon_TERRA_Privat_web-300x200.jpg 300w, https:\/\/www.elementa-uitikon.ch\/terra\/wp-content\/uploads\/2025\/10\/Uitikon_TERRA_Privat_web-1024x683.jpg 1024w, https:\/\/www.elementa-uitikon.ch\/terra\/wp-content\/uploads\/2025\/10\/Uitikon_TERRA_Privat_web-768x512.jpg 768w, https:\/\/www.elementa-uitikon.ch\/terra\/wp-content\/uploads\/2025\/10\/Uitikon_TERRA_Privat_web-1536x1025.jpg 1536w, https:\/\/www.elementa-uitikon.ch\/terra\/wp-content\/uploads\/2025\/10\/Uitikon_TERRA_Privat_web-2048x1366.jpg 2048w\" sizes=\"(max-width: 2560px) 100vw, 2560px\" \/>\t\t\t\t\t\t\t\t\t\t\t\t\t\t\t<\/div>\n\t\t<div class=\"elementor-element elementor-element-c519a25 e-con-full e-flex e-con e-child\" data-id=\"c519a25\" data-element_type=\"container\" data-e-type=\"container\">\n\t\t\t\t<div class=\"elementor-element elementor-element-3706545 elementor-invisible elementor-widget elementor-widget-heading\" data-id=\"3706545\" data-element_type=\"widget\" data-e-type=\"widget\" data-settings=\"{&quot;_animation&quot;:&quot;slideInRight&quot;,&quot;_animation_tablet&quot;:&quot;slideInLeft&quot;,&quot;_animation_delay&quot;:0}\" data-widget_type=\"heading.default\">\n\t\t\t\t\t<h1 class=\"elementor-heading-title elementor-size-default\">ruhig &amp; privilegiert<\/h1>\t\t\t\t<\/div>\n\t\t\t\t<div class=\"elementor-element elementor-element-d2f4964 elementor-hidden-desktop elementor-hidden-tablet elementor-hidden-mobile elementor-invisible elementor-widget elementor-widget-heading\" data-id=\"d2f4964\" data-element_type=\"widget\" data-e-type=\"widget\" data-settings=\"{&quot;_animation&quot;:&quot;slideInRight&quot;,&quot;_animation_tablet&quot;:&quot;slideInLeft&quot;,&quot;_animation_delay&quot;:300}\" data-widget_type=\"heading.default\">\n\t\t\t\t\t<h5 class=\"elementor-heading-title elementor-size-default\">in 25min in der city oder am flughafen<\/h5>\t\t\t\t<\/div>\n\t\t\t\t<\/div>\n\t\t\t\t<\/div>\n\t\t\t\t\t<\/div>\n\t\t\t\t<\/div>\n\t\t\t\t<\/div>\n\t\t","protected":false},"excerpt":{"rendered":"<p>wohneigentum am fusse des uetlibergs uitikon Uitikon liegt sonnig am Westhang des Uetlibergs \u2013 mit Weitsicht \u00fcber das Limmattal und der Stadt ganz nah. Diese Kombination macht die Gemeinde so begehrt: viel Licht, weite Ausblicke und ein ruhiges, gepflegtes Umfeld, in dem sich ein gehobener Alltag selbstverst\u00e4ndlich anf\u00fchlt. Im Dorf finden Sie L\u00e4den und Angebote [&hellip;]<\/p>\n","protected":false},"author":1,"featured_media":0,"parent":0,"menu_order":0,"comment_status":"closed","ping_status":"closed","template":"","meta":{"footnotes":""},"class_list":["post-14","page","type-page","status-publish","hentry"],"_links":{"self":[{"href":"https:\/\/www.elementa-uitikon.ch\/terra\/wp-json\/wp\/v2\/pages\/14","targetHints":{"allow":["GET"]}}],"collection":[{"href":"https:\/\/www.elementa-uitikon.ch\/terra\/wp-json\/wp\/v2\/pages"}],"about":[{"href":"https:\/\/www.elementa-uitikon.ch\/terra\/wp-json\/wp\/v2\/types\/page"}],"author":[{"embeddable":true,"href":"https:\/\/www.elementa-uitikon.ch\/terra\/wp-json\/wp\/v2\/users\/1"}],"replies":[{"embeddable":true,"href":"https:\/\/www.elementa-uitikon.ch\/terra\/wp-json\/wp\/v2\/comments?post=14"}],"version-history":[{"count":332,"href":"https:\/\/www.elementa-uitikon.ch\/terra\/wp-json\/wp\/v2\/pages\/14\/revisions"}],"predecessor-version":[{"id":1791,"href":"https:\/\/www.elementa-uitikon.ch\/terra\/wp-json\/wp\/v2\/pages\/14\/revisions\/1791"}],"wp:attachment":[{"href":"https:\/\/www.elementa-uitikon.ch\/terra\/wp-json\/wp\/v2\/media?parent=14"}],"curies":[{"name":"wp","href":"https:\/\/api.w.org\/{rel}","templated":true}]}}