{"id":15,"date":"2025-09-04T11:43:04","date_gmt":"2025-09-04T09:43:04","guid":{"rendered":"https:\/\/elementa-uitikon.ch\/?page_id=15"},"modified":"2025-10-31T09:42:17","modified_gmt":"2025-10-31T08:42:17","slug":"projekt","status":"publish","type":"page","link":"https:\/\/www.elementa-uitikon.ch\/terra\/projekt\/","title":{"rendered":"Projekt"},"content":{"rendered":"\t\t<div data-elementor-type=\"wp-page\" data-elementor-id=\"15\" class=\"elementor elementor-15\" data-elementor-post-type=\"page\">\n\t\t\t\t<div class=\"elementor-element elementor-element-fb27290 e-flex e-con-boxed e-con e-parent\" data-id=\"fb27290\" data-element_type=\"container\" data-e-type=\"container\">\n\t\t\t\t\t<div class=\"e-con-inner\">\n\t\t<div class=\"elementor-element elementor-element-f9c673a e-con-full e-flex e-con e-child\" data-id=\"f9c673a\" data-element_type=\"container\" data-e-type=\"container\">\n\t\t\t\t<div class=\"elementor-element elementor-element-c0483d8 bigimg elementor-widget elementor-widget-image\" data-id=\"c0483d8\" data-element_type=\"widget\" data-e-type=\"widget\" data-widget_type=\"image.default\">\n\t\t\t\t\t\t\t\t\t\t\t\t\t\t\t<img fetchpriority=\"high\" decoding=\"async\" width=\"2508\" height=\"2140\" src=\"https:\/\/www.elementa-uitikon.ch\/terra\/wp-content\/uploads\/2025\/10\/PROJEKT_Bild1-Luftaufnahme_web.jpg\" class=\"attachment-full size-full wp-image-1635\" alt=\"\" srcset=\"https:\/\/www.elementa-uitikon.ch\/terra\/wp-content\/uploads\/2025\/10\/PROJEKT_Bild1-Luftaufnahme_web.jpg 2508w, https:\/\/www.elementa-uitikon.ch\/terra\/wp-content\/uploads\/2025\/10\/PROJEKT_Bild1-Luftaufnahme_web-300x256.jpg 300w, https:\/\/www.elementa-uitikon.ch\/terra\/wp-content\/uploads\/2025\/10\/PROJEKT_Bild1-Luftaufnahme_web-1024x874.jpg 1024w, https:\/\/www.elementa-uitikon.ch\/terra\/wp-content\/uploads\/2025\/10\/PROJEKT_Bild1-Luftaufnahme_web-768x655.jpg 768w, https:\/\/www.elementa-uitikon.ch\/terra\/wp-content\/uploads\/2025\/10\/PROJEKT_Bild1-Luftaufnahme_web-1536x1311.jpg 1536w, https:\/\/www.elementa-uitikon.ch\/terra\/wp-content\/uploads\/2025\/10\/PROJEKT_Bild1-Luftaufnahme_web-2048x1747.jpg 2048w\" sizes=\"(max-width: 2508px) 100vw, 2508px\" \/>\t\t\t\t\t\t\t\t\t\t\t\t\t\t\t<\/div>\n\t\t\t\t<\/div>\n\t\t<div class=\"elementor-element elementor-element-95daf55 e-con-full e-flex e-con e-child\" data-id=\"95daf55\" data-element_type=\"container\" data-e-type=\"container\">\n\t\t<div class=\"elementor-element elementor-element-d69db10 e-con-full e-flex e-con e-child\" data-id=\"d69db10\" data-element_type=\"container\" data-e-type=\"container\">\n\t\t\t\t<div class=\"elementor-element elementor-element-fd7cd57 elementor-invisible elementor-widget elementor-widget-heading\" data-id=\"fd7cd57\" data-element_type=\"widget\" data-e-type=\"widget\" data-settings=\"{&quot;_animation&quot;:&quot;slideInRight&quot;,&quot;_animation_tablet&quot;:&quot;slideInLeft&quot;,&quot;_animation_delay&quot;:0}\" data-widget_type=\"heading.default\">\n\t\t\t\t\t<h1 class=\"elementor-heading-title elementor-size-default\">mehrere ebenen ein zuhause<\/h1>\t\t\t\t<\/div>\n\t\t\t\t<div class=\"elementor-element elementor-element-d6bfe5f elementor-invisible elementor-widget elementor-widget-heading\" data-id=\"d6bfe5f\" data-element_type=\"widget\" data-e-type=\"widget\" data-settings=\"{&quot;_animation&quot;:&quot;slideInRight&quot;,&quot;_animation_tablet&quot;:&quot;slideInLeft&quot;,&quot;_animation_delay&quot;:300}\" data-widget_type=\"heading.default\">\n\t\t\t\t\t<h5 class=\"elementor-heading-title elementor-size-default\">projekt<\/h5>\t\t\t\t<\/div>\n\t\t\t\t<\/div>\n\t\t<div class=\"elementor-element elementor-element-fe0369a e-con-full e-flex elementor-invisible e-con e-child\" data-id=\"fe0369a\" data-element_type=\"container\" data-e-type=\"container\" data-settings=\"{&quot;animation&quot;:&quot;fadeIn&quot;,&quot;animation_delay&quot;:800}\">\n\t\t\t\t<div class=\"elementor-element elementor-element-ef70218 elementor-widget elementor-widget-text-editor\" data-id=\"ef70218\" data-element_type=\"widget\" data-e-type=\"widget\" data-widget_type=\"text-editor.default\">\n\t\t\t\t\t\t\t\t\t<p>\u00abTERRA\u00bb steht f\u00fcr durchdachte Architektur und Weite \u00fcber alle Ebenen hinweg.<\/p><p>Vier Maisonette-Wohnungen, mit 4\u00bd bis 5\u00bd Zimmern und ca. 161\u2013172 m\u00b2 Wohnfl\u00e4che, bilden den idealen Rahmen f\u00fcr ein entspanntes, hochwertiges Leben mit viel Raum f\u00fcr individuelle Entfaltung.<\/p><p>Die klar strukturierten Grundrisse setzen dabei hohen Wert auf Wohnqualit\u00e4t: Offene K\u00fcchen mit Kochinseln bilden das kommunikative Zentrum, w\u00e4hrend die privaten R\u00fcckzugsr\u00e4ume \u2013 teils mit Bad en suite \u2013 diskret separiert sind.<\/p>\t\t\t\t\t\t\t\t<\/div>\n\t\t\t\t<\/div>\n\t\t\t\t<\/div>\n\t\t\t\t\t<\/div>\n\t\t\t\t<\/div>\n\t\t<div class=\"elementor-element elementor-element-c82d2a9 e-flex e-con-boxed e-con e-parent\" data-id=\"c82d2a9\" data-element_type=\"container\" data-e-type=\"container\" data-settings=\"{&quot;background_background&quot;:&quot;classic&quot;,&quot;shape_divider_top&quot;:&quot;mountains&quot;}\">\n\t\t\t\t\t<div class=\"e-con-inner\">\n\t\t\t\t<div class=\"elementor-shape elementor-shape-top\" aria-hidden=\"true\" data-negative=\"false\">\n\t\t\t<?xml version=\"1.0\" encoding=\"UTF-8\"?>\n<svg id=\"Ebene_1\" xmlns=\"http:\/\/www.w3.org\/2000\/svg\" version=\"1.1\" viewBox=\"0 0 1000 100\">\n  <!-- Generator: Adobe Illustrator 29.8.2, SVG Export Plug-In . SVG Version: 2.1.1 Build 3)  -->\n  <defs>\n    <style>\n      .st0 {\n        fill: #fff;\n      }\n    <\/style>\n  <\/defs>\n  <polygon class=\"st0\" points=\"-.9 .2 -.9 45.6 -.9 100 416 45.6 1000 45.6 1000 .2 -.9 .2\"\/>\n<\/svg>\t\t<\/div>\n\t\t<div class=\"elementor-element elementor-element-28354cd e-con-full width600 e-flex e-con e-child\" data-id=\"28354cd\" data-element_type=\"container\" data-e-type=\"container\">\n\t\t<div class=\"elementor-element elementor-element-0b7d382 e-con-full e-flex elementor-invisible e-con e-child\" data-id=\"0b7d382\" data-element_type=\"container\" data-e-type=\"container\" data-settings=\"{&quot;animation&quot;:&quot;fadeIn&quot;,&quot;animation_delay&quot;:800}\">\n\t\t\t\t<div class=\"elementor-element elementor-element-cad5a88 elementor-widget elementor-widget-text-editor\" data-id=\"cad5a88\" data-element_type=\"widget\" data-e-type=\"widget\" data-widget_type=\"text-editor.default\">\n\t\t\t\t\t\t\t\t\t<p>Das Wohngef\u00fchl entsteht aus der Pr\u00e4zision im Detail: Neben der harmonischen Raumorganisation \u00fcberzeugt die Auswahl langlebiger, \u00e4sthetischer Materialien. Warme Parkettfussb\u00f6den in Wohn- und Schlafbereichen verleihen Nat\u00fcrlichkeit und Behaglichkeit; in den Badezimmern sorgen hochwertige Keramikplatten f\u00fcr einen stilvollen und zugleich modernen Auftritt.<\/p><p>Ein besonderes Highlight bieten die weitl\u00e4ufigen Gartenfl\u00e4chen der Wohnungen A1 und B1: Dank der intelligent genutzten Topografie, verbinden diese die beiden Wohnebenen zu einer stimmigen Einheit.<\/p><p>Die beiden Mehrfamilienh\u00e4user grenzen direkt an eine Landwirtschaftszone. Diese besondere Lage \u00f6ffnet den Blick \u00fcber offene Felder \u2013 frei, ruhig und mit viel Privatsph\u00e4re. Die Wohn- und Aussenr\u00e4ume sind bewusst zur Landschaft ausgerichtet, sodass Licht, Sonne und Weite den Alltag sichtbar pr\u00e4gen. Ein Lift erschliesst von der Tiefgarage aus jede Wohneinheit.<\/p>\t\t\t\t\t\t\t\t<\/div>\n\t\t\t\t<\/div>\n\t\t\t\t<\/div>\n\t\t<div class=\"elementor-element elementor-element-888ca98 e-con-full slider e-flex e-con e-child\" data-id=\"888ca98\" data-element_type=\"container\" data-e-type=\"container\">\n\t\t\t\t<div class=\"elementor-element elementor-element-d6d4c3b elementor-pagination-type-bullets elementor-pagination-position-outside elementor-widget elementor-widget-n-carousel\" data-id=\"d6d4c3b\" data-element_type=\"widget\" data-e-type=\"widget\" data-settings=\"{&quot;carousel_items&quot;:[{&quot;slide_title&quot;:&quot;Slide #1&quot;,&quot;_id&quot;:&quot;987d9bf&quot;},{&quot;slide_title&quot;:&quot;Slide #1&quot;,&quot;_id&quot;:&quot;f804fce&quot;},{&quot;slide_title&quot;:&quot;Slide #1&quot;,&quot;_id&quot;:&quot;64a36a6&quot;}],&quot;slides_to_show&quot;:&quot;1&quot;,&quot;slides_to_show_tablet&quot;:&quot;1&quot;,&quot;slides_to_scroll&quot;:&quot;1&quot;,&quot;autoplay_speed&quot;:4000,&quot;speed&quot;:700,&quot;image_spacing_custom&quot;:{&quot;unit&quot;:&quot;px&quot;,&quot;size&quot;:24,&quot;sizes&quot;:[]},&quot;slides_to_show_mobile&quot;:&quot;1&quot;,&quot;autoplay&quot;:&quot;yes&quot;,&quot;pause_on_hover&quot;:&quot;yes&quot;,&quot;pause_on_interaction&quot;:&quot;yes&quot;,&quot;infinite&quot;:&quot;yes&quot;,&quot;offset_sides&quot;:&quot;none&quot;,&quot;pagination&quot;:&quot;bullets&quot;,&quot;image_spacing_custom_tablet&quot;:{&quot;unit&quot;:&quot;px&quot;,&quot;size&quot;:&quot;&quot;,&quot;sizes&quot;:[]},&quot;image_spacing_custom_mobile&quot;:{&quot;unit&quot;:&quot;px&quot;,&quot;size&quot;:&quot;&quot;,&quot;sizes&quot;:[]}}\" data-widget_type=\"nested-carousel.default\">\n\t\t\t\t\t\t\t<div class=\"e-n-carousel swiper\" role=\"region\" aria-roledescription=\"carousel\" aria-label=\"Carousel\" dir=\"ltr\">\n\t\t\t<div class=\"swiper-wrapper\" aria-live=\"off\">\n\t\t\t\t\t\t\t\t\t\t<div class=\"swiper-slide\" data-slide=\"1\" role=\"group\" aria-roledescription=\"slide\" aria-label=\"1 of 3\">\n\t\t\t\t\t\t\t<div class=\"elementor-element elementor-element-c9755f2 e-flex e-con-boxed e-con e-child\" data-id=\"c9755f2\" data-element_type=\"container\" data-e-type=\"container\">\n\t\t\t\t\t<div class=\"e-con-inner\">\n\t\t<div class=\"elementor-element elementor-element-32cf4e5 e-con-full bigimg__box e-flex e-con e-child\" data-id=\"32cf4e5\" data-element_type=\"container\" data-e-type=\"container\">\n\t\t\t\t<div class=\"elementor-element elementor-element-7d296b0 bigimg bigimg__right elementor-widget elementor-widget-image\" data-id=\"7d296b0\" data-element_type=\"widget\" data-e-type=\"widget\" data-widget_type=\"image.default\">\n\t\t\t\t\t\t\t\t\t\t\t\t\t\t\t<img decoding=\"async\" width=\"1492\" height=\"1065\" src=\"https:\/\/www.elementa-uitikon.ch\/terra\/wp-content\/uploads\/2025\/10\/Highlights_FINAL-Galerie-03.jpg\" class=\"attachment-full size-full wp-image-1577\" alt=\"\" srcset=\"https:\/\/www.elementa-uitikon.ch\/terra\/wp-content\/uploads\/2025\/10\/Highlights_FINAL-Galerie-03.jpg 1492w, https:\/\/www.elementa-uitikon.ch\/terra\/wp-content\/uploads\/2025\/10\/Highlights_FINAL-Galerie-03-300x214.jpg 300w, https:\/\/www.elementa-uitikon.ch\/terra\/wp-content\/uploads\/2025\/10\/Highlights_FINAL-Galerie-03-1024x731.jpg 1024w, https:\/\/www.elementa-uitikon.ch\/terra\/wp-content\/uploads\/2025\/10\/Highlights_FINAL-Galerie-03-768x548.jpg 768w\" sizes=\"(max-width: 1492px) 100vw, 1492px\" \/>\t\t\t\t\t\t\t\t\t\t\t\t\t\t\t<\/div>\n\t\t\t\t<\/div>\n\t\t\t\t\t<\/div>\n\t\t\t\t<\/div>\n\t\t\t\t\t\t\t\t<\/div>\n\t\t\t\t\t\t\t\t\t\t\t<div class=\"swiper-slide\" data-slide=\"2\" role=\"group\" aria-roledescription=\"slide\" aria-label=\"2 of 3\">\n\t\t\t\t\t\t\t<div class=\"elementor-element elementor-element-96f1dbb e-flex e-con-boxed e-con e-child\" data-id=\"96f1dbb\" data-element_type=\"container\" data-e-type=\"container\">\n\t\t\t\t\t<div class=\"e-con-inner\">\n\t\t<div class=\"elementor-element elementor-element-61a23d1 e-con-full bigimg__box e-flex e-con e-child\" data-id=\"61a23d1\" data-element_type=\"container\" data-e-type=\"container\">\n\t\t\t\t<div class=\"elementor-element elementor-element-f7f4fe0 bigimg bigimg__right elementor-widget elementor-widget-image\" data-id=\"f7f4fe0\" data-element_type=\"widget\" data-e-type=\"widget\" data-widget_type=\"image.default\">\n\t\t\t\t\t\t\t\t\t\t\t\t\t\t\t<img decoding=\"async\" width=\"1492\" height=\"1065\" src=\"https:\/\/www.elementa-uitikon.ch\/terra\/wp-content\/uploads\/2025\/10\/Highlights_FINAL-Galerie-01c.jpg\" class=\"attachment-full size-full wp-image-1581\" alt=\"\" srcset=\"https:\/\/www.elementa-uitikon.ch\/terra\/wp-content\/uploads\/2025\/10\/Highlights_FINAL-Galerie-01c.jpg 1492w, https:\/\/www.elementa-uitikon.ch\/terra\/wp-content\/uploads\/2025\/10\/Highlights_FINAL-Galerie-01c-300x214.jpg 300w, https:\/\/www.elementa-uitikon.ch\/terra\/wp-content\/uploads\/2025\/10\/Highlights_FINAL-Galerie-01c-1024x731.jpg 1024w, https:\/\/www.elementa-uitikon.ch\/terra\/wp-content\/uploads\/2025\/10\/Highlights_FINAL-Galerie-01c-768x548.jpg 768w\" sizes=\"(max-width: 1492px) 100vw, 1492px\" \/>\t\t\t\t\t\t\t\t\t\t\t\t\t\t\t<\/div>\n\t\t\t\t<\/div>\n\t\t\t\t\t<\/div>\n\t\t\t\t<\/div>\n\t\t\t\t\t\t\t\t<\/div>\n\t\t\t\t\t\t\t\t\t\t\t<div class=\"swiper-slide\" data-slide=\"3\" role=\"group\" aria-roledescription=\"slide\" aria-label=\"3 of 3\">\n\t\t\t\t\t\t\t<div class=\"elementor-element elementor-element-ad8a4c7 e-flex e-con-boxed e-con e-child\" data-id=\"ad8a4c7\" data-element_type=\"container\" data-e-type=\"container\">\n\t\t\t\t\t<div class=\"e-con-inner\">\n\t\t<div class=\"elementor-element elementor-element-c661293 e-con-full bigimg__box e-flex e-con e-child\" data-id=\"c661293\" data-element_type=\"container\" data-e-type=\"container\">\n\t\t\t\t<div class=\"elementor-element elementor-element-dc41e56 bigimg bigimg__right elementor-widget elementor-widget-image\" data-id=\"dc41e56\" data-element_type=\"widget\" data-e-type=\"widget\" data-widget_type=\"image.default\">\n\t\t\t\t\t\t\t\t\t\t\t\t\t\t\t<img loading=\"lazy\" decoding=\"async\" width=\"1492\" height=\"1065\" src=\"https:\/\/www.elementa-uitikon.ch\/terra\/wp-content\/uploads\/2025\/10\/Highlights_FINAL-Galerie-02.jpg\" class=\"attachment-full size-full wp-image-1573\" alt=\"\" srcset=\"https:\/\/www.elementa-uitikon.ch\/terra\/wp-content\/uploads\/2025\/10\/Highlights_FINAL-Galerie-02.jpg 1492w, https:\/\/www.elementa-uitikon.ch\/terra\/wp-content\/uploads\/2025\/10\/Highlights_FINAL-Galerie-02-300x214.jpg 300w, https:\/\/www.elementa-uitikon.ch\/terra\/wp-content\/uploads\/2025\/10\/Highlights_FINAL-Galerie-02-1024x731.jpg 1024w, https:\/\/www.elementa-uitikon.ch\/terra\/wp-content\/uploads\/2025\/10\/Highlights_FINAL-Galerie-02-768x548.jpg 768w\" sizes=\"(max-width: 1492px) 100vw, 1492px\" \/>\t\t\t\t\t\t\t\t\t\t\t\t\t\t\t<\/div>\n\t\t\t\t<\/div>\n\t\t\t\t\t<\/div>\n\t\t\t\t<\/div>\n\t\t\t\t\t\t\t\t<\/div>\n\t\t\t\t\t\t\t\t<\/div>\n\t\t<\/div>\n\t\t\t\t\t<div class=\"swiper-pagination\"><\/div>\n\t\t\t\t\t\t<\/div>\n\t\t\t\t<\/div>\n\t\t\t\t\t<\/div>\n\t\t\t\t<\/div>\n\t\t<div class=\"elementor-element elementor-element-2b5bc7c e-flex e-con-boxed e-con e-parent\" data-id=\"2b5bc7c\" data-element_type=\"container\" data-e-type=\"container\" data-settings=\"{&quot;background_background&quot;:&quot;classic&quot;}\">\n\t\t\t\t\t<div class=\"e-con-inner\">\n\t\t<div class=\"elementor-element elementor-element-c46f46e e-con-full e-flex e-con e-child\" data-id=\"c46f46e\" data-element_type=\"container\" data-e-type=\"container\">\n\t\t\t\t<div class=\"elementor-element elementor-element-38710f1 elementor-widget__width-inherit img elementor-widget elementor-widget-image\" data-id=\"38710f1\" data-element_type=\"widget\" data-e-type=\"widget\" data-widget_type=\"image.default\">\n\t\t\t\t\t\t\t\t\t\t\t\t\t\t\t<img loading=\"lazy\" decoding=\"async\" width=\"2048\" height=\"2560\" src=\"https:\/\/www.elementa-uitikon.ch\/terra\/wp-content\/uploads\/2025\/10\/Uitikon_Int04_Final_02_web-scaled.jpg\" class=\"attachment-full size-full wp-image-740\" alt=\"\" srcset=\"https:\/\/www.elementa-uitikon.ch\/terra\/wp-content\/uploads\/2025\/10\/Uitikon_Int04_Final_02_web-scaled.jpg 2048w, https:\/\/www.elementa-uitikon.ch\/terra\/wp-content\/uploads\/2025\/10\/Uitikon_Int04_Final_02_web-240x300.jpg 240w, https:\/\/www.elementa-uitikon.ch\/terra\/wp-content\/uploads\/2025\/10\/Uitikon_Int04_Final_02_web-819x1024.jpg 819w, https:\/\/www.elementa-uitikon.ch\/terra\/wp-content\/uploads\/2025\/10\/Uitikon_Int04_Final_02_web-768x960.jpg 768w, https:\/\/www.elementa-uitikon.ch\/terra\/wp-content\/uploads\/2025\/10\/Uitikon_Int04_Final_02_web-1229x1536.jpg 1229w, https:\/\/www.elementa-uitikon.ch\/terra\/wp-content\/uploads\/2025\/10\/Uitikon_Int04_Final_02_web-1638x2048.jpg 1638w\" sizes=\"(max-width: 2048px) 100vw, 2048px\" \/>\t\t\t\t\t\t\t\t\t\t\t\t\t\t\t<\/div>\n\t\t\t\t<\/div>\n\t\t<div class=\"elementor-element elementor-element-63c73b7 e-con-full e-flex e-con e-child\" data-id=\"63c73b7\" data-element_type=\"container\" data-e-type=\"container\" data-settings=\"{&quot;background_background&quot;:&quot;classic&quot;}\">\n\t\t<div class=\"elementor-element elementor-element-52e3223 e-con-full e-flex e-con e-child\" data-id=\"52e3223\" data-element_type=\"container\" data-e-type=\"container\">\n\t\t\t\t<div class=\"elementor-element elementor-element-063ffe6 elementor-invisible elementor-widget elementor-widget-heading\" data-id=\"063ffe6\" data-element_type=\"widget\" data-e-type=\"widget\" data-settings=\"{&quot;_animation&quot;:&quot;slideInRight&quot;,&quot;_animation_tablet&quot;:&quot;slideInLeft&quot;,&quot;_animation_delay&quot;:0}\" data-widget_type=\"heading.default\">\n\t\t\t\t\t<h2 class=\"elementor-heading-title elementor-size-default\">Stilvoll und individuell<\/h2>\t\t\t\t<\/div>\n\t\t\t\t<div class=\"elementor-element elementor-element-b34881c elementor-invisible elementor-widget elementor-widget-heading\" data-id=\"b34881c\" data-element_type=\"widget\" data-e-type=\"widget\" data-settings=\"{&quot;_animation&quot;:&quot;slideInRight&quot;,&quot;_animation_tablet&quot;:&quot;slideInLeft&quot;,&quot;_animation_delay&quot;:300}\" data-widget_type=\"heading.default\">\n\t\t\t\t\t<h5 class=\"elementor-heading-title elementor-size-default\">innenausbau<\/h5>\t\t\t\t<\/div>\n\t\t\t\t<div class=\"elementor-element elementor-element-4276b84 elementor-widget__width-initial elementor-widget-tablet__width-inherit elementor-invisible elementor-widget elementor-widget-text-editor\" data-id=\"4276b84\" data-element_type=\"widget\" data-e-type=\"widget\" data-settings=\"{&quot;_animation&quot;:&quot;slideInRight&quot;,&quot;_animation_tablet&quot;:&quot;slideInLeft&quot;,&quot;_animation_delay&quot;:400}\" data-widget_type=\"text-editor.default\">\n\t\t\t\t\t\t\t\t\t<p>Der Innenausbau von \u00abTERRA\u00bb er\u00f6ffnet K\u00e4ufern die M\u00f6glichkeit, ihr neues Zuhause nach den eigenen Vorstellungen zu gestalten. Dank gehobener Budgetpositionen steht eine breite Auswahl an erlesenen Materialien f\u00fcr B\u00f6den, B\u00e4der und K\u00fcchen zur Verf\u00fcgung. Dabei wird mit renommierten Partnern wie Herzog K\u00fcchen und Sanitas Tr\u00f6sch zusammengearbeitet, die f\u00fcr Qualit\u00e4t, Design und Langlebigkeit stehen.<\/p>\t\t\t\t\t\t\t\t<\/div>\n\t\t\t\t<\/div>\n\t\t<div class=\"elementor-element elementor-element-d48f70c e-con-full e-flex elementor-invisible e-con e-child\" data-id=\"d48f70c\" data-element_type=\"container\" data-e-type=\"container\" data-settings=\"{&quot;animation&quot;:&quot;fadeIn&quot;,&quot;animation_delay&quot;:0}\">\n\t\t\t\t<div class=\"elementor-element elementor-element-a9259f1 elementor-widget elementor-widget-image\" data-id=\"a9259f1\" data-element_type=\"widget\" data-e-type=\"widget\" data-settings=\"{&quot;motion_fx_motion_fx_scrolling&quot;:&quot;yes&quot;,&quot;motion_fx_translateY_effect&quot;:&quot;yes&quot;,&quot;motion_fx_translateY_affectedRange&quot;:{&quot;unit&quot;:&quot;%&quot;,&quot;size&quot;:&quot;&quot;,&quot;sizes&quot;:{&quot;start&quot;:0,&quot;end&quot;:30}},&quot;motion_fx_translateY_speed&quot;:{&quot;unit&quot;:&quot;px&quot;,&quot;size&quot;:4,&quot;sizes&quot;:[]},&quot;motion_fx_devices&quot;:[&quot;desktop&quot;,&quot;tablet&quot;,&quot;mobile&quot;]}\" data-widget_type=\"image.default\">\n\t\t\t\t\t\t\t\t\t\t\t\t\t\t\t<img loading=\"lazy\" decoding=\"async\" width=\"720\" height=\"720\" src=\"https:\/\/www.elementa-uitikon.ch\/terra\/wp-content\/uploads\/2025\/10\/ARIA_Parkett_web.jpg\" class=\"attachment-full size-full wp-image-811\" alt=\"\" srcset=\"https:\/\/www.elementa-uitikon.ch\/terra\/wp-content\/uploads\/2025\/10\/ARIA_Parkett_web.jpg 720w, https:\/\/www.elementa-uitikon.ch\/terra\/wp-content\/uploads\/2025\/10\/ARIA_Parkett_web-300x300.jpg 300w, https:\/\/www.elementa-uitikon.ch\/terra\/wp-content\/uploads\/2025\/10\/ARIA_Parkett_web-150x150.jpg 150w\" sizes=\"(max-width: 720px) 100vw, 720px\" \/>\t\t\t\t\t\t\t\t\t\t\t\t\t\t\t<\/div>\n\t\t\t\t<div class=\"elementor-element elementor-element-b01d08d elementor-widget elementor-widget-image\" data-id=\"b01d08d\" data-element_type=\"widget\" data-e-type=\"widget\" data-widget_type=\"image.default\">\n\t\t\t\t\t\t\t\t\t\t\t\t\t\t\t<img loading=\"lazy\" decoding=\"async\" width=\"720\" height=\"720\" src=\"https:\/\/www.elementa-uitikon.ch\/terra\/wp-content\/uploads\/2025\/10\/ARIA_Platten_Stein_web.jpg\" class=\"attachment-full size-full wp-image-812\" alt=\"\" srcset=\"https:\/\/www.elementa-uitikon.ch\/terra\/wp-content\/uploads\/2025\/10\/ARIA_Platten_Stein_web.jpg 720w, https:\/\/www.elementa-uitikon.ch\/terra\/wp-content\/uploads\/2025\/10\/ARIA_Platten_Stein_web-300x300.jpg 300w, https:\/\/www.elementa-uitikon.ch\/terra\/wp-content\/uploads\/2025\/10\/ARIA_Platten_Stein_web-150x150.jpg 150w\" sizes=\"(max-width: 720px) 100vw, 720px\" \/>\t\t\t\t\t\t\t\t\t\t\t\t\t\t\t<\/div>\n\t\t\t\t<div class=\"elementor-element elementor-element-28bff97 elementor-widget elementor-widget-image\" data-id=\"28bff97\" data-element_type=\"widget\" data-e-type=\"widget\" data-settings=\"{&quot;motion_fx_motion_fx_scrolling&quot;:&quot;yes&quot;,&quot;motion_fx_translateY_effect&quot;:&quot;yes&quot;,&quot;motion_fx_translateY_direction&quot;:&quot;negative&quot;,&quot;motion_fx_translateY_affectedRange&quot;:{&quot;unit&quot;:&quot;%&quot;,&quot;size&quot;:&quot;&quot;,&quot;sizes&quot;:{&quot;start&quot;:0,&quot;end&quot;:30}},&quot;motion_fx_translateY_speed&quot;:{&quot;unit&quot;:&quot;px&quot;,&quot;size&quot;:4,&quot;sizes&quot;:[]},&quot;motion_fx_devices&quot;:[&quot;desktop&quot;,&quot;tablet&quot;,&quot;mobile&quot;]}\" data-widget_type=\"image.default\">\n\t\t\t\t\t\t\t\t\t\t\t\t\t\t\t<img loading=\"lazy\" decoding=\"async\" width=\"720\" height=\"720\" src=\"https:\/\/www.elementa-uitikon.ch\/terra\/wp-content\/uploads\/2025\/10\/ARIA_Marmor_web.jpg\" class=\"attachment-full size-full wp-image-813\" alt=\"\" srcset=\"https:\/\/www.elementa-uitikon.ch\/terra\/wp-content\/uploads\/2025\/10\/ARIA_Marmor_web.jpg 720w, https:\/\/www.elementa-uitikon.ch\/terra\/wp-content\/uploads\/2025\/10\/ARIA_Marmor_web-300x300.jpg 300w, https:\/\/www.elementa-uitikon.ch\/terra\/wp-content\/uploads\/2025\/10\/ARIA_Marmor_web-150x150.jpg 150w\" sizes=\"(max-width: 720px) 100vw, 720px\" \/>\t\t\t\t\t\t\t\t\t\t\t\t\t\t\t<\/div>\n\t\t\t\t<\/div>\n\t\t\t\t<\/div>\n\t\t\t\t\t<\/div>\n\t\t\t\t<\/div>\n\t\t<div class=\"elementor-element elementor-element-4508377 e-flex e-con-boxed e-con e-parent\" data-id=\"4508377\" data-element_type=\"container\" data-e-type=\"container\" data-settings=\"{&quot;background_background&quot;:&quot;classic&quot;,&quot;shape_divider_bottom&quot;:&quot;tilt&quot;}\">\n\t\t\t\t\t<div class=\"e-con-inner\">\n\t\t\t\t<div class=\"elementor-shape elementor-shape-bottom\" aria-hidden=\"true\" data-negative=\"false\">\n\t\t\t<svg xmlns=\"http:\/\/www.w3.org\/2000\/svg\" viewBox=\"0 0 1000 100\" preserveAspectRatio=\"none\">\n\t<path class=\"elementor-shape-fill\" d=\"M0,6V0h1000v100L0,6z\"\/>\n<\/svg>\t\t<\/div>\n\t\t<div class=\"elementor-element elementor-element-9648da4 e-con-full width600 e-flex e-con e-child\" data-id=\"9648da4\" data-element_type=\"container\" data-e-type=\"container\">\n\t\t<div class=\"elementor-element elementor-element-889e2ab e-con-full e-flex e-con e-child\" data-id=\"889e2ab\" data-element_type=\"container\" data-e-type=\"container\">\n\t\t\t\t<div class=\"elementor-element elementor-element-27c58c7 elementor-invisible elementor-widget elementor-widget-heading\" data-id=\"27c58c7\" data-element_type=\"widget\" data-e-type=\"widget\" data-settings=\"{&quot;_animation&quot;:&quot;slideInRight&quot;,&quot;_animation_tablet&quot;:&quot;slideInLeft&quot;,&quot;_animation_delay&quot;:0}\" data-widget_type=\"heading.default\">\n\t\t\t\t\t<h2 class=\"elementor-heading-title elementor-size-default\">das ideale Wohnensemble<\/h2>\t\t\t\t<\/div>\n\t\t\t\t<div class=\"elementor-element elementor-element-0e14054 elementor-invisible elementor-widget elementor-widget-heading\" data-id=\"0e14054\" data-element_type=\"widget\" data-e-type=\"widget\" data-settings=\"{&quot;_animation&quot;:&quot;slideInRight&quot;,&quot;_animation_tablet&quot;:&quot;slideInLeft&quot;,&quot;_animation_delay&quot;:300}\" data-widget_type=\"heading.default\">\n\t\t\t\t\t<h5 class=\"elementor-heading-title elementor-size-default\">Architektur<\/h5>\t\t\t\t<\/div>\n\t\t\t\t<\/div>\n\t\t<div class=\"elementor-element elementor-element-1a332c6 e-con-full e-flex elementor-invisible e-con e-child\" data-id=\"1a332c6\" data-element_type=\"container\" data-e-type=\"container\" data-settings=\"{&quot;animation&quot;:&quot;fadeIn&quot;,&quot;animation_delay&quot;:800}\">\n\t\t\t\t<div class=\"elementor-element elementor-element-8d1e8f3 elementor-widget elementor-widget-text-editor\" data-id=\"8d1e8f3\" data-element_type=\"widget\" data-e-type=\"widget\" data-widget_type=\"text-editor.default\">\n\t\t\t\t\t\t\t\t\t<p>Die Architektur von \u00abTERRA\u00bb lebt von klaren Linien und einer ruhigen, zeitlosen Formensprache. Zwei moderne Flachdachgeb\u00e4ude f\u00fcgen sich harmonisch in ihr Umfeld ein und bilden eine elegante Kulisse f\u00fcr grossr\u00e4umiges Wohnen inmitten einer naturnahen Umgebung. Weitl\u00e4ufige Verglasungen lassen viel Tageslicht ins Innere str\u00f6men und stellen den Bezug zur Landschaft in den Mittelpunkt.<\/p><p>Die Fassaden in warmen Graut\u00f6nen unterstreichen die schlichte Eleganz, w\u00e4hrend Glasbr\u00fcstungen und sorgf\u00e4ltig gestaltete Aussenr\u00e4ume Transparenz und Offenheit schaffen. Terrassen und private Gartenbereiche sind so angeordnet, dass sie Privatsph\u00e4re gew\u00e4hrleisten und zugleich den Blick in die Landwirtschaftszone \u00f6ffnen.<\/p><p>Auch in der Materialisierung zeigt sich der hohe Anspruch: edle Keramikplatten, Sichtbetonelemente, Holz-Metall-Fenster in Anthrazit sowie stimmungsvolle LED-Akzente in der Umgebungsgestaltung formen ein stimmiges Gesamtbild.<\/p><p>Auf den D\u00e4chern setzen Begr\u00fcnung und Photovoltaikanlagen ein nachhaltiges Statement, das \u00d6kologie und \u00c4sthetik perfekt vereint. Die Tiefgarage ist f\u00fcr E-Ladestationen vorbereitet.<\/p>\t\t\t\t\t\t\t\t<\/div>\n\t\t\t\t<div class=\"elementor-element elementor-element-675c029 button_costum elementor-align-justify elementor-widget elementor-widget-button\" data-id=\"675c029\" data-element_type=\"widget\" data-e-type=\"widget\" data-widget_type=\"button.default\">\n\t\t\t\t\t\t\t\t\t\t<a class=\"elementor-button elementor-button-link elementor-size-sm\" href=\"\/terra\/angebot\/\">\n\t\t\t\t\t\t<span class=\"elementor-button-content-wrapper\">\n\t\t\t\t\t\t\t\t\t<span class=\"elementor-button-text\">zum angebot<\/span>\n\t\t\t\t\t<\/span>\n\t\t\t\t\t<\/a>\n\t\t\t\t\t\t\t\t<\/div>\n\t\t\t\t<\/div>\n\t\t\t\t<\/div>\n\t\t<div class=\"elementor-element elementor-element-cbb49cb e-con-full slider e-flex e-con e-child\" data-id=\"cbb49cb\" data-element_type=\"container\" data-e-type=\"container\">\n\t\t\t\t<div class=\"elementor-element elementor-element-ebdcd80 bigimg bigimg__right elementor-widget elementor-widget-image\" data-id=\"ebdcd80\" data-element_type=\"widget\" data-e-type=\"widget\" data-widget_type=\"image.default\">\n\t\t\t\t\t\t\t\t\t\t\t\t\t\t\t<img loading=\"lazy\" decoding=\"async\" width=\"2028\" height=\"2248\" src=\"https:\/\/www.elementa-uitikon.ch\/terra\/wp-content\/uploads\/2025\/10\/PROJEKT_Bild-Ende-TERRA_web.jpg\" class=\"attachment-full size-full wp-image-1639\" alt=\"\" srcset=\"https:\/\/www.elementa-uitikon.ch\/terra\/wp-content\/uploads\/2025\/10\/PROJEKT_Bild-Ende-TERRA_web.jpg 2028w, https:\/\/www.elementa-uitikon.ch\/terra\/wp-content\/uploads\/2025\/10\/PROJEKT_Bild-Ende-TERRA_web-271x300.jpg 271w, https:\/\/www.elementa-uitikon.ch\/terra\/wp-content\/uploads\/2025\/10\/PROJEKT_Bild-Ende-TERRA_web-924x1024.jpg 924w, https:\/\/www.elementa-uitikon.ch\/terra\/wp-content\/uploads\/2025\/10\/PROJEKT_Bild-Ende-TERRA_web-768x851.jpg 768w, https:\/\/www.elementa-uitikon.ch\/terra\/wp-content\/uploads\/2025\/10\/PROJEKT_Bild-Ende-TERRA_web-1386x1536.jpg 1386w, https:\/\/www.elementa-uitikon.ch\/terra\/wp-content\/uploads\/2025\/10\/PROJEKT_Bild-Ende-TERRA_web-1848x2048.jpg 1848w\" sizes=\"(max-width: 2028px) 100vw, 2028px\" \/>\t\t\t\t\t\t\t\t\t\t\t\t\t\t\t<\/div>\n\t\t\t\t<\/div>\n\t\t\t\t\t<\/div>\n\t\t\t\t<\/div>\n\t\t\t\t<\/div>\n\t\t","protected":false},"excerpt":{"rendered":"<p>mehrere ebenen ein zuhause projekt \u00abTERRA\u00bb steht f\u00fcr durchdachte Architektur und Weite \u00fcber alle Ebenen hinweg. Vier Maisonette-Wohnungen, mit 4\u00bd bis 5\u00bd Zimmern und ca. 161\u2013172 m\u00b2 Wohnfl\u00e4che, bilden den idealen Rahmen f\u00fcr ein entspanntes, hochwertiges Leben mit viel Raum f\u00fcr individuelle Entfaltung. Die klar strukturierten Grundrisse setzen dabei hohen Wert auf Wohnqualit\u00e4t: Offene K\u00fcchen [&hellip;]<\/p>\n","protected":false},"author":1,"featured_media":0,"parent":0,"menu_order":0,"comment_status":"closed","ping_status":"closed","template":"","meta":{"footnotes":""},"class_list":["post-15","page","type-page","status-publish","hentry"],"_links":{"self":[{"href":"https:\/\/www.elementa-uitikon.ch\/terra\/wp-json\/wp\/v2\/pages\/15","targetHints":{"allow":["GET"]}}],"collection":[{"href":"https:\/\/www.elementa-uitikon.ch\/terra\/wp-json\/wp\/v2\/pages"}],"about":[{"href":"https:\/\/www.elementa-uitikon.ch\/terra\/wp-json\/wp\/v2\/types\/page"}],"author":[{"embeddable":true,"href":"https:\/\/www.elementa-uitikon.ch\/terra\/wp-json\/wp\/v2\/users\/1"}],"replies":[{"embeddable":true,"href":"https:\/\/www.elementa-uitikon.ch\/terra\/wp-json\/wp\/v2\/comments?post=15"}],"version-history":[{"count":347,"href":"https:\/\/www.elementa-uitikon.ch\/terra\/wp-json\/wp\/v2\/pages\/15\/revisions"}],"predecessor-version":[{"id":1642,"href":"https:\/\/www.elementa-uitikon.ch\/terra\/wp-json\/wp\/v2\/pages\/15\/revisions\/1642"}],"wp:attachment":[{"href":"https:\/\/www.elementa-uitikon.ch\/terra\/wp-json\/wp\/v2\/media?parent=15"}],"curies":[{"name":"wp","href":"https:\/\/api.w.org\/{rel}","templated":true}]}}