{"id":319,"date":"2025-09-05T17:38:48","date_gmt":"2025-09-05T15:38:48","guid":{"rendered":"https:\/\/elementa-uitikon.ch\/?page_id=319"},"modified":"2025-11-21T15:05:57","modified_gmt":"2025-11-21T14:05:57","slug":"angebot","status":"publish","type":"page","link":"https:\/\/www.elementa-uitikon.ch\/terra\/angebot\/","title":{"rendered":"Angebot"},"content":{"rendered":"\t\t<div data-elementor-type=\"wp-page\" data-elementor-id=\"319\" class=\"elementor elementor-319\" data-elementor-post-type=\"page\">\n\t\t\t\t<div class=\"elementor-element elementor-element-fb27290 e-flex e-con-boxed e-con e-parent\" data-id=\"fb27290\" data-element_type=\"container\" data-e-type=\"container\">\n\t\t\t\t\t<div class=\"e-con-inner\">\n\t\t<div class=\"elementor-element elementor-element-95daf55 e-con-full e-flex e-con e-child\" data-id=\"95daf55\" data-element_type=\"container\" data-e-type=\"container\">\n\t\t<div class=\"elementor-element elementor-element-d69db10 e-con-full e-flex e-con e-child\" data-id=\"d69db10\" data-element_type=\"container\" data-e-type=\"container\">\n\t\t\t\t<div class=\"elementor-element elementor-element-fd7cd57 elementor-invisible elementor-widget elementor-widget-heading\" data-id=\"fd7cd57\" data-element_type=\"widget\" data-e-type=\"widget\" data-settings=\"{&quot;_animation&quot;:&quot;slideInRight&quot;,&quot;_animation_tablet&quot;:&quot;slideInLeft&quot;,&quot;_animation_delay&quot;:0}\" data-widget_type=\"heading.default\">\n\t\t\t\t\t<h1 class=\"elementor-heading-title elementor-size-default\">ein wohngef\u00fchl <br>voller licht und weite<\/h1>\t\t\t\t<\/div>\n\t\t\t\t<div class=\"elementor-element elementor-element-d6bfe5f elementor-invisible elementor-widget elementor-widget-heading\" data-id=\"d6bfe5f\" data-element_type=\"widget\" data-e-type=\"widget\" data-settings=\"{&quot;_animation&quot;:&quot;slideInRight&quot;,&quot;_animation_tablet&quot;:&quot;slideInLeft&quot;,&quot;_animation_delay&quot;:300}\" data-widget_type=\"heading.default\">\n\t\t\t\t\t<h5 class=\"elementor-heading-title elementor-size-default\">traumwohnung reservieren<\/h5>\t\t\t\t<\/div>\n\t\t\t\t<\/div>\n\t\t<div class=\"elementor-element elementor-element-fe0369a e-con-full e-flex elementor-invisible e-con e-child\" data-id=\"fe0369a\" data-element_type=\"container\" data-e-type=\"container\" data-settings=\"{&quot;animation&quot;:&quot;fadeIn&quot;,&quot;animation_delay&quot;:800}\">\n\t\t\t\t<div class=\"elementor-element elementor-element-ef70218 elementor-widget elementor-widget-text-editor\" data-id=\"ef70218\" data-element_type=\"widget\" data-e-type=\"widget\" data-widget_type=\"text-editor.default\">\n\t\t\t\t\t\t\t\t\t<p>Mit \u00abTERRA\u00bb entstehen vier Maisonettewohnungen mit 4.5 bis 5.5 Zimmern \u2013 durchdacht geplant, mit lichtdurchfluteten R\u00e4umen und klaren Grundrissen. Auf mehreren Ebenen vereint die Architektur Komfort, Stil und Funktionalit\u00e4t und passt sich unterschiedlichen Lebenspl\u00e4nen an.<\/p><p>Am Fusse des Uetlibergs gelegen, verbindet \u00abTERRA\u00bb Naturn\u00e4he mit urbaner Anbindung.<\/p>\t\t\t\t\t\t\t\t<\/div>\n\t\t\t\t<\/div>\n\t\t\t\t<\/div>\n\t\t\t\t\t<\/div>\n\t\t\t\t<\/div>\n\t\t<div class=\"elementor-element elementor-element-60ee91f elementor-hidden-desktop elementor-hidden-tablet elementor-hidden-mobile e-flex e-con-boxed e-con e-parent\" data-id=\"60ee91f\" data-element_type=\"container\" data-e-type=\"container\" data-settings=\"{&quot;background_background&quot;:&quot;classic&quot;,&quot;shape_divider_top&quot;:&quot;tilt&quot;}\">\n\t\t\t\t\t<div class=\"e-con-inner\">\n\t\t\t\t<div class=\"elementor-shape elementor-shape-top\" aria-hidden=\"true\" data-negative=\"false\">\n\t\t\t<svg xmlns=\"http:\/\/www.w3.org\/2000\/svg\" viewBox=\"0 0 1000 100\" preserveAspectRatio=\"none\">\n\t<path class=\"elementor-shape-fill\" d=\"M0,6V0h1000v100L0,6z\"\/>\n<\/svg>\t\t<\/div>\n\t\t<div class=\"elementor-element elementor-element-ace1d9e e-con-full elementor-hidden-desktop elementor-hidden-tablet elementor-hidden-mobile e-flex e-con e-child\" data-id=\"ace1d9e\" data-element_type=\"container\" data-e-type=\"container\">\n\t\t\t\t<div class=\"elementor-element elementor-element-f6be2a7 elementor-widget elementor-widget-html\" data-id=\"f6be2a7\" data-element_type=\"widget\" data-e-type=\"widget\" data-widget_type=\"html.default\">\n\t\t\t\t\t<style>\n\n        .image-container {\n            flex: 3; \n            max-width: 100%; \n\n        }\n\n        .image-container img {\n            max-width: 100%;\n            height: auto;\n            \n        }\n\n        .controls-container {\n            flex: 1; \n            max-width: 150px; \n            background-color: #333; \n            color: white;\n            padding:10px;\n            flex-direction: column;\n            display: flex;\n            align-items: center; \n            position: absolute;\n            top: 0px;\n            right: 0px;\n            bottom: 6px;\n            \n        }\n\n        .control-button {\n            background: none;\n            border: none;\n            color: white;\n            font-size: 20px;\n            cursor: pointer;\n            padding: 5px;\n            margin: 0;\n        }\n\n        .level-selection {\n            width: 100%; \n            text-align: center;\n        }\n\n        .level-selection h3 {\n            margin-top: 0;\n            margin-bottom: 15px;\n            font-size: 1.1em;\n            color: #ccc;\n        }\n\n        .level-list {\n            list-style: none;\n            padding: 10px;\n            margin: 0;\n            display: flex;\n            flex-direction: column;\n            gap: 8px; \n        }\n\n        .level-item {\n            padding: 10px 15px;\n            cursor: pointer;\n            background-color: #A1A4B0; \n            border-radius: 0px;\n            transition: background-color 0.2s ease, color 0.2s ease;\n            text-align: center;\n            border-style: solid;\n              border-width: 1px;\n              border-color: #A1A4B0; \n            font-size: 0.95em;\n        }\n\n        .level-item:hover {\n             background-color: #02010100; \n              border-style: solid;\n              border-width: 1px;\n              border-color: #A1A4B0; \n              color: #A1A4B0; \n              \n        }\n        .level-item.activebutton {\n            background-color: #02010100; \n              border-style: solid;\n              border-width: 1px;\n              border-color: #A1A4B0; \n              color: #A1A4B0; \n           \n        }\n.control-button {\n    background: none;\n    border: none;\n    color: white;\n    font-size: 24px;\n    cursor: pointer;\n    padding: 5px;\n    margin: 0;\n}\n@media (max-width: 1200px) {\n          .controls-container {\n            flex: 1; \n            max-width: 150px; \n            background-color: #333; \n            color: white;\n            padding:8px;\n            flex-direction: column;\n            display: flex;\n            align-items: center; \n            position: absolute;\n            top: 0px;\n            right: 0px;\n            bottom: 6px;\n            \n        }\n\n        .control-button {\n            background: none;\n            border: none;\n            color: white;\n            font-size: 10px;\n            cursor: pointer;\n            padding: 2px;\n            margin: 0;\n        }\n\n        .level-selection {\n            width: 100%; \n            text-align: center;\n        }\n\n        .level-selection h3 {\n            margin-top: 0;\n            margin-bottom: 5px;\n            font-size: 1.1em;\n            color: #ccc;\n        }\n\n        .level-list {\n            list-style: none;\n            padding: 2px;\n            margin: 0;\n            display: flex;\n            flex-direction: column;\n            gap: 8px; \n        }\n\n        .level-item {\n            padding: 5px 10px;\n            cursor: pointer;\n            background-color: #A1A4B0; \n            border-radius: 0px;\n            transition: background-color 0.2s ease, color 0.2s ease;\n            text-align: center;\n            border-style: solid;\n              border-width: 1px;\n              border-color: #A1A4B0; \n            font-size: 0.95em;\n        }\n\n        .level-item:hover {\n             background-color: #02010100; \n              border-style: solid;\n              border-width: 1px;\n              border-color: #A1A4B0; \n              color: #A1A4B0; \n              \n        }\n        .level-item.activebutton {\n            background-color: #02010100; \n              border-style: solid;\n              border-width: 1px;\n              border-color: #A1A4B0; \n              color: #A1A4B0; \n           \n        }\n.control-button {\n    background: none;\n    border: none;\n    color: white;\n    font-size: 10px;\n    cursor: pointer;\n    padding: 2px;\n    margin: 0;\n}\n    \n}\n\n@media (max-width: 767px) {\n    \n      .controls-container {\n            flex: 1; \n            max-width: 150px; \n            background-color: #F5F2EC; \n            color: white;\n            padding:10px;\n            flex-direction: column;\n            display: flex;\n            align-items: center; \n            position: absolute;\n            top: 0px;\n            right: 0px;\n            bottom: 6px;\n            \n        }\n\n    \/* * Wir m\u00fcssen das 'flex'-Verhalten der Container anpassen,\n     * damit sie untereinander statt nebeneinander (bzw. \u00fcberlappend) stehen.\n     * Dies setzt voraus, dass der (unsichtbare) Eltern-Container\n     * 'display: flex' und 'flex-wrap: wrap' hat.\n    *\/\n    .image-container {\n        \/* Setzt 'flex: 3' zur\u00fcck und sorgt f\u00fcr volle Breite *\/\n        flex: 1 1 100%; \n    }\n\n    .controls-container {\n        \/* 1. Positionierung aufheben *\/\n        position: static; \n        \n        \/* 2. Volle Breite erlauben *\/\n        max-width: 100%;\n        width: 100%;\n        \n        \/* 3. H\u00f6he, Position und 'flex: 1' zur\u00fccksetzen *\/\n        height: auto;\n        top: auto;\n        right: auto;\n        bottom: auto;\n        flex: 1 1 100%;\n\n        \/* 4. Etwas Abstand zum Bild-Container, der jetzt dar\u00fcber liegt *\/\n        margin-top: 10px;\n\n        \/* Die interne Anordnung (flex-direction: column) bleibt\n           erhalten, was auf Mobilger\u00e4ten gut funktioniert. *\/\n    }\n     .titel {\n        \/* Setzt 'flex: 3' zur\u00fcck und sorgt f\u00fcr volle Breite *\/\n        color: #000; \n    }\n\n}\n    <\/style>\n\n\n    <div class=\"image-container\">\n        <img decoding=\"async\" id=\"dynamicImage\" src=\"https:\/\/www.elementa-uitikon.ch\/terra\/wp-content\/uploads\/2025\/10\/501-Ebene-5_vorne_01_web-1-scaled.jpg\" alt=\"Geb\u00e4udeansicht\">\n    <div class=\"controls-container\">\n        <button class=\"control-button\"><\/button> <div class=\"level-selection\">\n            <b class=\"titel\">EFH<\/b>\n            <ul class=\"level-list\">\n                <li class=\"level-item\" id=\"001\">Ebene 1<\/li>\n                <li class=\"level-item\" id=\"002\">Ebene 2<\/li>\n                <\/ul>\n                <br>\n             <b class=\"titel\">MFH<\/b>\n            <ul class=\"level-list\">\n\n                <li class=\"level-item\" id=\"101\">201 <br>Ebene 2<\/li>\n                <li class=\"level-item\" id=\"102\">301 <br> Ebene 3<\/li>\n                <li class=\"level-item\" id=\"103\">501 <br> Ebene 4<\/li>\n                <li class=\"level-item activebutton\" id=\"104\">501 <br>Ebene 5<\/li>\n                <\/ul>\n        <\/div>\n <\/div>\n<\/div>\t\t\t\t<\/div>\n\t\t\t\t<div class=\"elementor-element elementor-element-cd914f2 elementor-widget elementor-widget-html\" data-id=\"cd914f2\" data-element_type=\"widget\" data-e-type=\"widget\" data-widget_type=\"html.default\">\n\t\t\t\t\t<script>\n    \/\/ Get references to the image and the level items\nconst dynamicImage = document.getElementById('dynamicImage');\nconst levelItems = document.querySelectorAll('.level-item');\n\n\/\/ Define an object to store image sources for each level item\n\/\/ IMPORTANT: REPLACE 'images\/L14NW.jpeg' etc. with your actual image paths!\nconst imageSources = {\n    '001': 'https:\/\/www.elementa-uitikon.ch\/terra\/wp-content\/uploads\/2025\/10\/101-Ebene-1_vorne_V1_web.jpg',\n    '002': 'https:\/\/www.elementa-uitikon.ch\/terra\/wp-content\/uploads\/2025\/10\/201-Ebene-2_vorne_01_web.jpg',\n    '101': 'https:\/\/www.elementa-uitikon.ch\/terra\/wp-content\/uploads\/2025\/10\/301-Ebene-3_vorne_01_web.jpg',\n    '102': 'https:\/\/www.elementa-uitikon.ch\/terra\/wp-content\/uploads\/2025\/10\/501-Ebene-4_vorne_01_web.jpg',\n    '103': 'https:\/\/www.elementa-uitikon.ch\/terra\/wp-content\/uploads\/2025\/10\/501-Ebene-5_vorne_01_web-1-scaled.jpg',\n     '104': 'https:\/\/www.elementa-uitikon.ch\/terra\/wp-content\/uploads\/2025\/10\/501-Ebene-5_vorne_01_web-1-scaled.jpg',\n    \/\/ Add more as needed, ensuring the key matches the ID in your HTML\n};\n\n\/\/ Add click event listeners to each level item\nlevelItems.forEach(item => {\n    item.addEventListener('click', () => {\n        \/\/ Get the ID of the clicked level item\n        const levelId = item.id;\n\n        \/\/ Update the image source based on the clicked level item's ID\n        if (imageSources[levelId]) {\n            dynamicImage.src = imageSources[levelId];\n        } else {\n            console.warn(`No image source defined for level item: ${levelId}`);\n        }\n\n        \/\/ Add\/remove an active class for styling the clicked level item\n        levelItems.forEach(li => li.classList.remove('activebutton')); \/\/ Remove active from all\n        item.classList.add('activebutton'); \/\/ Add active to the clicked one\n    });\n});\n<\/script>\t\t\t\t<\/div>\n\t\t\t\t<\/div>\n\t\t\t\t\t<\/div>\n\t\t\t\t<\/div>\n\t\t<div class=\"elementor-element elementor-element-ba979ad e-flex e-con-boxed e-con e-parent\" data-id=\"ba979ad\" data-element_type=\"container\" data-e-type=\"container\" data-settings=\"{&quot;animation&quot;:&quot;none&quot;,&quot;background_background&quot;:&quot;classic&quot;}\">\n\t\t\t\t\t<div class=\"e-con-inner\">\n\t\t\t\t<div class=\"elementor-element elementor-element-068b545 elementor-invisible elementor-widget elementor-widget-html\" data-id=\"068b545\" data-element_type=\"widget\" data-e-type=\"widget\" data-settings=\"{&quot;sticky&quot;:&quot;top&quot;,&quot;sticky_parent&quot;:&quot;yes&quot;,&quot;sticky_offset&quot;:97,&quot;_animation&quot;:&quot;fadeIn&quot;,&quot;sticky_offset_mobile&quot;:71,&quot;sticky_on&quot;:[&quot;desktop&quot;,&quot;tablet&quot;,&quot;mobile_extra&quot;,&quot;mobile&quot;],&quot;sticky_effects_offset&quot;:0,&quot;sticky_anchor_link_offset&quot;:0}\" data-widget_type=\"html.default\">\n\t\t\t\t\t<div class=\"isometire_image\"><img decoding=\"async\" src=\"\/terra\/wp-content\/uploads\/isometrie\/empty.svg\" id=\"meinBild\" class=\"iso_img\">\n<table class=\"table_isometrie table table-hover\" cellspacing=\"0\" cellpadding=\"0\" style=\"border-collapse: collapse;\" id=\"iso_table\"><br>\n<thead><tr><th>Objekt-Nr.<\/th><th>Ebene<\/th><th>Typ<\/th><th>Wohnfl\u00e4che<\/th><th>Sitzplatz<br>Terrasse<\/th><th>Garten<\/th><th>Keller<\/th><th>Grundriss<\/th><th>Preis<\/th><th>Status<\/th><\/tr><\/thead>\n<\/table>\n<\/div>\t\t\t\t<\/div>\n\t\t\t\t<div class=\"elementor-element elementor-element-5d2d13c elementor-invisible elementor-widget elementor-widget-shortcode\" data-id=\"5d2d13c\" data-element_type=\"widget\" data-e-type=\"widget\" id=\"iso\" data-settings=\"{&quot;_animation&quot;:&quot;fadeIn&quot;}\" data-widget_type=\"shortcode.default\">\n\t\t\t\t\t\t\t<div class=\"elementor-shortcode\"><table class=\"table_isometrie table table-hover\" cellspacing=\"0\" cellpadding=\"0\" style=\"border-collapse: collapse;\"><thead class=\"thead_isometrie\"><tr><th>Objekt-Nr.<\/th><th>Ebene<\/th><th>Typ<\/th><th>Wohnfl&auml;che<\/th><th>Sitzplatz<br>Terrasse<\/th><th>Garten<\/th><th>Keller<\/th><th>Grundriss<\/th><th>Preis<\/th><th>Status<\/th><\/tr><\/thead><tbody><tr onmouseover=\"bildWechseln('\/terra\/wp-content\/uploads\/isometrie\/isometrie1.svg')\" onmouseout=\"bildWechseln('\/terra\/wp-content\/uploads\/isometrie\/empty.svg')\" class=\"first_row\"><td class=Objekt style=\"color: #d0d0d0!important;\" >A1<\/td><td class=Ebene style=\"color: #d0d0d0!important;\" >1\/2<\/td><td class=Zimmer style=\"color: #d0d0d0!important;\" >5.5<\/td><td class=Wohnflaeche style=\"color: #d0d0d0!important;\" >170.5 m\u00b2<\/td><td class=Terrasse style=\"color: #d0d0d0!important;\" >50.5 m\u00b2<\/td><td class=Garten style=\"color: #d0d0d0!important;\" >171.5 m\u00b2<\/td><td class=Keller style=\"color: #d0d0d0!important;\" >12.0 m\u00b2<\/td><td style=\"color: #d0d0d0!important;\" > <\/td><td style=\"color: #d0d0d0!important;\" >Auf Anfrage<\/td><td style=\"color: #d0d0d0!important;\" >Reserviert<\/td><\/tr><tr onmouseover=\"bildWechseln('\/terra\/wp-content\/uploads\/isometrie\/isometrie2.svg')\" onmouseout=\"bildWechseln('\/terra\/wp-content\/uploads\/isometrie\/empty.svg')\" class=\"second_row\"><td class=Objekt style=\"color: #d0d0d0!important;\" >A2<\/td><td class=Ebene style=\"color: #d0d0d0!important;\" >1-3<\/td><td class=Zimmer style=\"color: #d0d0d0!important;\" >5.5<\/td><td class=Wohnflaeche style=\"color: #d0d0d0!important;\" >172.5 m\u00b2<\/td><td class=Terrasse style=\"color: #d0d0d0!important;\" >44.0 m\u00b2<\/td><td class=Garten style=\"color: #d0d0d0!important;\" >17.5 m\u00b2<\/td><td class=Keller style=\"color: #d0d0d0!important;\" >12.0 m\u00b2<\/td><td style=\"color: #d0d0d0!important;\" > <\/td><td style=\"color: #d0d0d0!important;\" >Auf Anfrage<\/td><td style=\"color: #d0d0d0!important;\" >Reserviert<\/td><\/tr><tr onmouseover=\"bildWechseln('\/terra\/wp-content\/uploads\/isometrie\/isometrie3.svg')\" onmouseout=\"bildWechseln('\/terra\/wp-content\/uploads\/isometrie\/empty.svg')\" class=\"second_row\"><td class=Objekt style=\"color: #d0d0d0!important;\" >B1<\/td><td class=Ebene style=\"color: #d0d0d0!important;\" >1\/2<\/td><td class=Zimmer style=\"color: #d0d0d0!important;\" >5.5<\/td><td class=Wohnflaeche style=\"color: #d0d0d0!important;\" >170.5 m\u00b2<\/td><td class=Terrasse style=\"color: #d0d0d0!important;\" >49.0 m\u00b2<\/td><td class=Garten style=\"color: #d0d0d0!important;\" >136.0 m\u00b2<\/td><td class=Keller style=\"color: #d0d0d0!important;\" >12.5 m\u00b2<\/td><td style=\"color: #d0d0d0!important;\" > <\/td><td style=\"color: #d0d0d0!important;\" >Auf Anfrage<\/td><td style=\"color: #d0d0d0!important;\" >Reserviert<\/td><\/tr><tr onmouseover=\"bildWechseln('\/terra\/wp-content\/uploads\/isometrie\/isometrie4.svg')\" onmouseout=\"bildWechseln('\/terra\/wp-content\/uploads\/isometrie\/empty.svg')\" class=\"second_row\"><td class=Objekt style=\"color: #d0d0d0!important;\" >B2<\/td><td class=Ebene style=\"color: #d0d0d0!important;\" >1-3<\/td><td class=Zimmer style=\"color: #d0d0d0!important;\" >4.5<\/td><td class=Wohnflaeche style=\"color: #d0d0d0!important;\" >161.0 m\u00b2<\/td><td class=Terrasse style=\"color: #d0d0d0!important;\" >42.0 m\u00b2<\/td><td class=Garten style=\"color: #d0d0d0!important;\" >\u2013<\/td><td class=Keller style=\"color: #d0d0d0!important;\" >12.0 m\u00b2<\/td><td style=\"color: #d0d0d0!important;\" > <\/td><td style=\"color: #d0d0d0!important;\" >Auf Anfrage<\/td><td style=\"color: #d0d0d0!important;\" >Reserviert<\/td><\/tr><\/tbody><\/table><br><table class=\"table_isometrie table table-hover\" cellspacing=\"0\" cellpadding=\"0\" style=\"border-collapse: collapse;\"><thead style=\"display: none;\"><tr><th>Objekt<\/th><th>Ebene<\/th><th>Zimmer<\/th><th>Wohnfl&auml;che<\/th><th>Terrasse<\/th><th>Garten<\/th><th>Keller<\/th><th>Grundriss<\/th><th>Preis<\/th><th>Status<\/th><\/tr><\/thead><tbody><tr><td class=\"Objekt\" style=\"color: #d0d0d0!important;\"\">Parkpl\u00e4tze<\/td><td class=\"Ebene\" style=\"color: #d0d0d0!important;\"\">TG<\/td><td class=\"Zimmer\" style=\"color: #d0d0d0!important;\"\"><\/td><td class=\"Wohnflaeche\" style=\"color: #d0d0d0!important;\"\">Anzahl: 8<\/td><td class=\"Terrasse\" style=\"color: #d0d0d0!important;\"\"><\/td><td class=\"Garten\" style=\"color: #d0d0d0!important;\"\"><\/td><td class=\"Keller\" style=\"color: #d0d0d0!important;\"\"><\/td><td style=\"color: #d0d0d0!important;\" > <\/td><td style=\"color: #d0d0d0!important;\" >Auf Anfrage<\/td><td style=\"color: #d0d0d0!important;\">Reserviert<\/td><\/tr><tr><td class=\"Objekt\" style=\"color: #d0d0d0!important;\"\">Parkpl\u00e4tze \u00fcberlang<\/td><td class=\"Ebene\" style=\"color: #d0d0d0!important;\"\">TG<\/td><td class=\"Zimmer\" style=\"color: #d0d0d0!important;\"\"><\/td><td class=\"Wohnflaeche\" style=\"color: #d0d0d0!important;\"\">Anzahl: 2<\/td><td class=\"Terrasse\" style=\"color: #d0d0d0!important;\"\"><\/td><td class=\"Garten\" style=\"color: #d0d0d0!important;\"\"><\/td><td class=\"Keller\" style=\"color: #d0d0d0!important;\"\"><\/td><td style=\"color: #d0d0d0!important;\" > <\/td><td style=\"color: #d0d0d0!important;\" >Auf Anfrage<\/td><td style=\"color: #d0d0d0!important;\">Reserviert<\/td><\/tr><\/tbody><\/table><script>\nfunction bildWechseln(bild) {\n  document.getElementById(\"meinBild\").src = bild;\n}\n<\/script>\n<\/div>\n\t\t\t\t\t\t<\/div>\n\t\t\t\t\t<\/div>\n\t\t\t\t<\/div>\n\t\t\t\t<\/div>\n\t\t","protected":false},"excerpt":{"rendered":"<p>ein wohngef\u00fchl voller licht und weite traumwohnung reservieren Mit \u00abTERRA\u00bb entstehen vier Maisonettewohnungen mit 4.5 bis 5.5 Zimmern \u2013 durchdacht geplant, mit lichtdurchfluteten R\u00e4umen und klaren Grundrissen. Auf mehreren Ebenen vereint die Architektur Komfort, Stil und Funktionalit\u00e4t und passt sich unterschiedlichen Lebenspl\u00e4nen an. Am Fusse des Uetlibergs gelegen, verbindet \u00abTERRA\u00bb Naturn\u00e4he mit urbaner Anbindung. EFH [&hellip;]<\/p>\n","protected":false},"author":1,"featured_media":0,"parent":0,"menu_order":0,"comment_status":"closed","ping_status":"closed","template":"","meta":{"footnotes":""},"class_list":["post-319","page","type-page","status-publish","hentry"],"_links":{"self":[{"href":"https:\/\/www.elementa-uitikon.ch\/terra\/wp-json\/wp\/v2\/pages\/319","targetHints":{"allow":["GET"]}}],"collection":[{"href":"https:\/\/www.elementa-uitikon.ch\/terra\/wp-json\/wp\/v2\/pages"}],"about":[{"href":"https:\/\/www.elementa-uitikon.ch\/terra\/wp-json\/wp\/v2\/types\/page"}],"author":[{"embeddable":true,"href":"https:\/\/www.elementa-uitikon.ch\/terra\/wp-json\/wp\/v2\/users\/1"}],"replies":[{"embeddable":true,"href":"https:\/\/www.elementa-uitikon.ch\/terra\/wp-json\/wp\/v2\/comments?post=319"}],"version-history":[{"count":211,"href":"https:\/\/www.elementa-uitikon.ch\/terra\/wp-json\/wp\/v2\/pages\/319\/revisions"}],"predecessor-version":[{"id":1755,"href":"https:\/\/www.elementa-uitikon.ch\/terra\/wp-json\/wp\/v2\/pages\/319\/revisions\/1755"}],"wp:attachment":[{"href":"https:\/\/www.elementa-uitikon.ch\/terra\/wp-json\/wp\/v2\/media?parent=319"}],"curies":[{"name":"wp","href":"https:\/\/api.w.org\/{rel}","templated":true}]}}